{"id":9697,"date":"2021-11-16T13:05:43","date_gmt":"2021-11-16T11:05:43","guid":{"rendered":"https:\/\/www.dexeuscampus.com\/avis-legal\/"},"modified":"2023-02-23T14:24:28","modified_gmt":"2023-02-23T13:24:28","slug":"avis-legal","status":"publish","type":"page","link":"https:\/\/www.dexeuscampus.com\/ca\/avis-legal\/","title":{"rendered":"Avis legal"},"content":{"rendered":"\t\t<div data-elementor-type=\"wp-post\" data-elementor-id=\"9697\" class=\"elementor elementor-9697 elementor-3177\" data-elementor-post-type=\"page\">\n\t\t\t\t\t\t<section class=\"elementor-section elementor-top-section elementor-element elementor-element-855e45d elementor-section-boxed elementor-section-height-default elementor-section-height-default\" data-id=\"855e45d\" data-element_type=\"section\" data-e-type=\"section\">\n\t\t\t\t\t\t<div class=\"elementor-container elementor-column-gap-default\">\n\t\t\t\t\t<div class=\"elementor-column elementor-col-100 elementor-top-column elementor-element elementor-element-6f24bc8\" data-id=\"6f24bc8\" data-element_type=\"column\" data-e-type=\"column\">\n\t\t\t<div class=\"elementor-widget-wrap elementor-element-populated\">\n\t\t\t\t\t\t<div class=\"elementor-element elementor-element-8a26874 elementor-widget elementor-widget-global elementor-global-15972 elementor-widget-shortcode\" data-id=\"8a26874\" data-element_type=\"widget\" data-e-type=\"widget\" data-widget_type=\"shortcode.default\">\n\t\t\t\t<div class=\"elementor-widget-container\">\n\t\t\t\t\t<a href=\"https:\/\/www.dexeuscampus.com\/ca\/\" rel=\"nofollow\">Inici<\/a>&nbsp;&nbsp;&#187;&nbsp;&nbsp;Avis legal\t\t<div class=\"elementor-shortcode\"><\/div>\n\t\t\t\t\t\t<\/div>\n\t\t\t\t<\/div>\n\t\t\t\t\t<\/div>\n\t\t<\/div>\n\t\t\t\t\t<\/div>\n\t\t<\/section>\n\t\t\t\t<section class=\"elementor-section elementor-top-section elementor-element elementor-element-35fff81 elementor-section-boxed elementor-section-height-default elementor-section-height-default\" data-id=\"35fff81\" data-element_type=\"section\" data-e-type=\"section\">\n\t\t\t\t\t\t<div class=\"elementor-container elementor-column-gap-default\">\n\t\t\t\t\t<div class=\"elementor-column elementor-col-100 elementor-top-column elementor-element elementor-element-9bc76bb\" data-id=\"9bc76bb\" data-element_type=\"column\" data-e-type=\"column\">\n\t\t\t<div class=\"elementor-widget-wrap elementor-element-populated\">\n\t\t\t\t\t\t<div class=\"elementor-element elementor-element-a255fcc elementor-widget elementor-widget-heading\" data-id=\"a255fcc\" data-element_type=\"widget\" data-e-type=\"widget\" data-widget_type=\"heading.default\">\n\t\t\t\t<div class=\"elementor-widget-container\">\n\t\t\t\t\t<h2 class=\"elementor-heading-title elementor-size-default\">Avis legal<\/h2>\t\t\t\t<\/div>\n\t\t\t\t<\/div>\n\t\t\t\t<div class=\"elementor-element elementor-element-ea956e4 elementor-widget elementor-widget-text-editor\" data-id=\"ea956e4\" data-element_type=\"widget\" data-e-type=\"widget\" data-widget_type=\"text-editor.default\">\n\t\t\t\t<div class=\"elementor-widget-container\">\n\t\t\t\t\t\t\t\t\t<p>La <strong>Fundaci\u00f3 Dexeus Dona<\/strong>, amb nom fiscal Fundaci\u00f3n Santiago Dexeus Font, amb domicili a la Gran Via Carles III 71-75 08028 Barcelona i NIF G60898194, pret\u00e9n amb aquest portal web contribuir a l&#8217;acc\u00e9s a una informaci\u00f3 rellevant, actualitzada i accessible sobre temes m\u00e8dics i activitats docents, destinada als professionals de la salut amb especial inter\u00e8s en les \u00e0rees de l&#8217;obstetr\u00edcia, la ginecologia, la medicina de la reproducci\u00f3 i el diagn\u00f2stic ginecol\u00f2gic per la imatge.<\/p><p><span style=\"color: #333399;\"><strong>Es prega llegir amb atenci\u00f3 les seg\u00fcents condicions d&#8217;\u00fas.<\/strong><\/span><br \/><span style=\"color: #333399;\"><strong>A l&#8217;accedir i a l&#8217;utilitzar aquest lloc, Vost\u00e8 est\u00e0 acceptant acomplir aquestes normes.<\/strong><\/span><\/p><h4><strong style=\"color: var( --e-global-color-primary );\"><br \/>Declinaci\u00f3 de Responsabilitat<\/strong><\/h4><p><strong>Ni dexeuscampus.com, ni la Fundaci\u00f3 Dexeus Dona<\/strong>, no fan cap representaci\u00f3 o garantia pel que es refereix a l&#8217;\u00fas de la informaci\u00f3 d&#8217;aquest lloc web. A l&#8217;accedir aquest lloc, Vost\u00e8 accepta que tot l&#8217;acc\u00e9s, el seu \u00fas i la informaci\u00f3 continguda, \u00e9s al seu propi risc.<\/p><p><strong>Ni dexeuscampus.com, ni la Fundaci\u00f3 Dexeus Dona<\/strong>, no seran responsables de cap manera de danys directes, incidentals, conseg\u00fcents, indirectes o punitius que sorgeixin de l&#8217;acc\u00e9s, \u00fas o incapacitat per la seva part d&#8217;usar aquest lloc, ni de cap error o omissi\u00f3 en el contingut de la seva informaci\u00f3.<\/p><h4><strong><br \/>Pol\u00edtica de privacitat<\/strong><\/h4><p>El Responsable del Tractament, la <strong>Fundaci\u00f3 Dexeus Dona<\/strong>, amb nom fiscal Fundaci\u00f3n Santiago Dexeus Font, amb domicili a la Gran Via Carles III 71-75 08028 Barcelona i NIF G60898194, en compliment del Reglament (UE) 2016\/679 del Parlament Europeu i del Consell, de 27 d&#8217;abril de 2016, referent a la protecci\u00f3 de les persones f\u00edsiques pel que fa al tractament i lliure circulaci\u00f3 de dades personals, d\u2019ara endavant RGPD, l&#8217;informa que les seves dades es tractaran amb l\u2019objectiu de proporcionar-li informaci\u00f3 relativa a cursos, congressos, assist\u00e8ncies formatives i activitats cient\u00edfiques o docents de l&#8217;Entitat, i tamb\u00e9 per a enviar-li butlletins, publicacions o altres comunicacions de l&#8217;Entitat relatives a la seva activitat que li puguin interessar. Aquesta informaci\u00f3 ser\u00e0 utilitzada pels serveis administratius i serveis directament vinculats a les prestacions descrites per part de l&#8217;Entitat.<\/p><p>La base jur\u00eddica per al tractament de les dades \u00e9s el consentiment de la persona. Les dades proporcionades seran conservades mentre no es revoqui el consentiment.<\/p><p>Tamb\u00e9 se l&#8217;informa del tractament de dades de videovigil\u00e0ncia per a garantir la seguretat de les persones, b\u00e9ns i instal\u00b7lacions. Les seves dades seran tractades en compliment d&#8217;una missi\u00f3 d&#8217;inter\u00e8s p\u00fablic. Les dades es conservaran durant el termini d&#8217;1 mes. Excepte en els casos en qu\u00e8 siguin requerides per les Forces i Cossos de Seguretat o per jutjats o tribunals. Aix\u00ed mateix, l&#8217;informem que no es preveuen transfer\u00e8ncies internacionals.<\/p><p>Pot exercir els drets d&#8217;acc\u00e9s, rectificaci\u00f3, supressi\u00f3, limitaci\u00f3 del tractament, portabilitat i oposici\u00f3 de les seves dades d&#8217;acord amb el que es disposa en la normativa en mat\u00e8ria de protecci\u00f3 de dades. Per a exercir-los, haur\u00e0 de dirigir-se per escrit al Delegat de Protecci\u00f3 de Dades en el correu electr\u00f2nic <a href=\"mailto:dpd@dexeus.com\">dpd@dexeus.com<\/a>. En qualsevol dels casos, haur\u00e0 d\u2019adjuntar una fotoc\u00f2pia del seu document nacional d&#8217;identitat o equivalent.<\/p><p>Aix\u00ed mateix, l&#8217;informem del seu dret, en cas que no estigui d&#8217;acord amb el tractament fet per la nostra Entitat, o que consideri vulnerats els seus drets, a presentar una reclamaci\u00f3 a l\u2019Ag\u00e8ncia Espanyola de Protecci\u00f3 de dades (Agencia Espa\u00f1ola de Protecci\u00f3n de datos).<\/p><h4><strong><br \/>Registre i cookies<\/strong><\/h4><p>\u00c0rees del lloc dexeuscampus.com poden ser accessibles \u00fanicament despr\u00e9s de registrar-se. At\u00e8s que la verificaci\u00f3 per confirmar si alg\u00fa est\u00e0 autoritzat per accedir a continguts dins del lloc es realitza verificant el cookie durant la visita, \u00e9s necessari acceptar cookies pr\u00f2pies o de tercers per a permetre&#8217;n l&#8217;\u00fas. No obstant aix\u00f2, despr\u00e9s de visitar dexeuscampus.com, vost\u00e8 t\u00e9 la llibertat d&#8217;esborrar aquest cookie del seu ordinador. Per al registre de l&#8217;usuari, s&#8217;utilitza una base de dades central de registre d&#8217;usuaris.<\/p><p>La informaci\u00f3 personal que vost\u00e8 ens faciliti ens permetr\u00e0 oferir-li una informaci\u00f3 d&#8217;usuari feta a la seva mida que s&#8217;adapti a les seves necessitats i interessos. L&#8217;an\u00e0lisi de dades relatives a les operacions del lloc ser\u00e0 condu\u00efda sense vinculaci\u00f3 a dades personalment identificables sempre que sigui possible.<\/p><p>El lloc <strong>dexeuscampus.com <\/strong>compta amb mesures de seguretat per protegir la p\u00e8rdua, el mal \u00fas i l&#8217;alteraci\u00f3 de dades personals que s\u00f3n controlades per vost\u00e8. A m\u00e9s, recomanem molt especialment no divulgar el seu nom d&#8217;usuari i contrasenya a ning\u00fa. Les dades de registre del lloc s\u00f3n emmagatzemades en un servidor segur que resideix darrere d&#8217;un tallafoc despr\u00e9s d&#8217;arribar a dexeuscampus.com. El tallafoc ha estat dissenyat per bloquejar l&#8217;acc\u00e9s a aquestes dades des de fora del lloc.<\/p><p>No obstant aix\u00f2, ha de recordar que Internet \u00e9s un sistema p\u00fablicament accessible. Cada vegada que la informaci\u00f3 es posada a la seva disposici\u00f3 en l\u00ednia, aix\u00f2 \u00e9s a risc seu, ja que podria perdre&#8217;s en el cam\u00ed o ser processada per tercers no autoritzats.<\/p><h4><strong><br \/>Enviament de butlletins per correu electr\u00f2nic<\/strong><\/h4><p>En el cas que Vost\u00e8 se subscrigui a butlletins via correu electr\u00f2nic, cadascun dels missatges inclour\u00e0 instruccions que expliquen com acabar amb la seva subscripci\u00f3.<\/p>\t\t\t\t\t\t\t\t<\/div>\n\t\t\t\t<\/div>\n\t\t\t\t\t<\/div>\n\t\t<\/div>\n\t\t\t\t\t<\/div>\n\t\t<\/section>\n\t\t\t\t<\/div>\n\t\t","protected":false},"excerpt":{"rendered":"<p>La Fundaci\u00f3 Dexeus Dona, amb nom fiscal Fundaci\u00f3n Santiago Dexeus Font, amb domicili a la Gran Via Carles III 71-75 08028 Barcelona i NIF G60898194, pret\u00e9n amb aquest portal web contribuir a l&#8217;acc\u00e9s a una informaci\u00f3 rellevant, actualitzada i accessible sobre temes m\u00e8dics i activitats docents, destinada als professionals de la salut amb especial inter\u00e8s [&hellip;]<\/p>\n","protected":false},"author":1,"featured_media":0,"parent":0,"menu_order":0,"comment_status":"closed","ping_status":"closed","template":"elementor_header_footer","meta":{"footnotes":""},"class_list":["post-9697","page","type-page","status-publish","hentry"],"yoast_head":"<!-- This site is optimized with the Yoast SEO plugin v27.4 - https:\/\/yoast.com\/product\/yoast-seo-wordpress\/ -->\n<title>Avis legal - Dexeus Campus<\/title>\n<meta name=\"description\" content=\"La Fundaci\u00f3 Dexeus Dona, amb nom fiscal Fundaci\u00f3n Santiago Dexeus Font, amb domicili a la Gran Via Carles III 71-75 08028 Barcelona i NIF G60898194,\" \/>\n<meta name=\"robots\" content=\"noindex, nofollow\" \/>\n<meta property=\"og:locale\" content=\"ca_ES\" \/>\n<meta property=\"og:type\" content=\"article\" \/>\n<meta property=\"og:title\" content=\"Avis legal - Dexeus Campus\" \/>\n<meta property=\"og:description\" content=\"La Fundaci\u00f3 Dexeus Dona, amb nom fiscal Fundaci\u00f3n Santiago Dexeus Font, amb domicili a la Gran Via Carles III 71-75 08028 Barcelona i NIF G60898194,\" \/>\n<meta property=\"og:url\" content=\"https:\/\/www.dexeuscampus.com\/ca\/avis-legal\/\" \/>\n<meta property=\"og:site_name\" content=\"Dexeus Campus\" \/>\n<meta property=\"article:publisher\" content=\"https:\/\/www.facebook.com\/CampusDexeus\" \/>\n<meta property=\"article:modified_time\" content=\"2023-02-23T13:24:28+00:00\" \/>\n<meta name=\"twitter:card\" content=\"summary_large_image\" \/>\n<meta name=\"twitter:site\" content=\"@DexeusCampus\" \/>\n<meta name=\"twitter:label1\" content=\"Temps estimat de lectura\" \/>\n\t<meta name=\"twitter:data1\" content=\"4 minuts\" \/>\n<script type=\"application\/ld+json\" class=\"yoast-schema-graph\">{\"@context\":\"https:\\\/\\\/schema.org\",\"@graph\":[{\"@type\":\"WebPage\",\"@id\":\"https:\\\/\\\/www.dexeuscampus.com\\\/ca\\\/avis-legal\\\/\",\"url\":\"https:\\\/\\\/www.dexeuscampus.com\\\/ca\\\/avis-legal\\\/\",\"name\":\"Avis legal - Dexeus Campus\",\"isPartOf\":{\"@id\":\"https:\\\/\\\/www.dexeuscampus.com\\\/ca\\\/#website\"},\"datePublished\":\"2021-11-16T11:05:43+00:00\",\"dateModified\":\"2023-02-23T13:24:28+00:00\",\"description\":\"La Fundaci\u00f3 Dexeus Dona, amb nom fiscal Fundaci\u00f3n Santiago Dexeus Font, amb domicili a la Gran Via Carles III 71-75 08028 Barcelona i NIF G60898194,\",\"breadcrumb\":{\"@id\":\"https:\\\/\\\/www.dexeuscampus.com\\\/ca\\\/avis-legal\\\/#breadcrumb\"},\"inLanguage\":\"ca\",\"potentialAction\":[{\"@type\":\"ReadAction\",\"target\":[\"https:\\\/\\\/www.dexeuscampus.com\\\/ca\\\/avis-legal\\\/\"]}]},{\"@type\":\"BreadcrumbList\",\"@id\":\"https:\\\/\\\/www.dexeuscampus.com\\\/ca\\\/avis-legal\\\/#breadcrumb\",\"itemListElement\":[{\"@type\":\"ListItem\",\"position\":1,\"name\":\"Portada\",\"item\":\"https:\\\/\\\/www.dexeuscampus.com\\\/ca\\\/inici\\\/\"},{\"@type\":\"ListItem\",\"position\":2,\"name\":\"Avis legal\"}]},{\"@type\":\"WebSite\",\"@id\":\"https:\\\/\\\/www.dexeuscampus.com\\\/ca\\\/#website\",\"url\":\"https:\\\/\\\/www.dexeuscampus.com\\\/ca\\\/\",\"name\":\"Dexeus Campus\",\"description\":\"Plataforma online dirigida a los profesionales especializados en obstetricia, ginecolog\u00eda y reproducci\u00f3n\",\"publisher\":{\"@id\":\"https:\\\/\\\/www.dexeuscampus.com\\\/ca\\\/#organization\"},\"potentialAction\":[{\"@type\":\"SearchAction\",\"target\":{\"@type\":\"EntryPoint\",\"urlTemplate\":\"https:\\\/\\\/www.dexeuscampus.com\\\/ca\\\/?s={search_term_string}\"},\"query-input\":{\"@type\":\"PropertyValueSpecification\",\"valueRequired\":true,\"valueName\":\"search_term_string\"}}],\"inLanguage\":\"ca\"},{\"@type\":\"Organization\",\"@id\":\"https:\\\/\\\/www.dexeuscampus.com\\\/ca\\\/#organization\",\"name\":\"DEXEUS CAMPUS. FUNDACI\u00d3 DEXEUS DONA\",\"url\":\"https:\\\/\\\/www.dexeuscampus.com\\\/ca\\\/\",\"logo\":{\"@type\":\"ImageObject\",\"inLanguage\":\"ca\",\"@id\":\"https:\\\/\\\/www.dexeuscampus.com\\\/ca\\\/#\\\/schema\\\/logo\\\/image\\\/\",\"url\":\"https:\\\/\\\/www.dexeuscampus.com\\\/wp-content\\\/uploads\\\/2021\\\/03\\\/Logo-Campus-Dexeus.png\",\"contentUrl\":\"https:\\\/\\\/www.dexeuscampus.com\\\/wp-content\\\/uploads\\\/2021\\\/03\\\/Logo-Campus-Dexeus.png\",\"width\":2068,\"height\":1773,\"caption\":\"DEXEUS CAMPUS. FUNDACI\u00d3 DEXEUS DONA\"},\"image\":{\"@id\":\"https:\\\/\\\/www.dexeuscampus.com\\\/ca\\\/#\\\/schema\\\/logo\\\/image\\\/\"},\"sameAs\":[\"https:\\\/\\\/www.facebook.com\\\/CampusDexeus\",\"https:\\\/\\\/x.com\\\/DexeusCampus\",\"https:\\\/\\\/www.youtube.com\\\/user\\\/DexeusCampus\",\"https:\\\/\\\/vimeo.com\\\/dexeuscampus\",\"https:\\\/\\\/www.linkedin.com\\\/company\\\/dexeusmujer\"]}]}<\/script>\n<!-- \/ Yoast SEO plugin. -->","yoast_head_json":{"title":"Avis legal - Dexeus Campus","description":"La Fundaci\u00f3 Dexeus Dona, amb nom fiscal Fundaci\u00f3n Santiago Dexeus Font, amb domicili a la Gran Via Carles III 71-75 08028 Barcelona i NIF G60898194,","robots":{"index":"noindex","follow":"nofollow"},"og_locale":"ca_ES","og_type":"article","og_title":"Avis legal - Dexeus Campus","og_description":"La Fundaci\u00f3 Dexeus Dona, amb nom fiscal Fundaci\u00f3n Santiago Dexeus Font, amb domicili a la Gran Via Carles III 71-75 08028 Barcelona i NIF G60898194,","og_url":"https:\/\/www.dexeuscampus.com\/ca\/avis-legal\/","og_site_name":"Dexeus Campus","article_publisher":"https:\/\/www.facebook.com\/CampusDexeus","article_modified_time":"2023-02-23T13:24:28+00:00","twitter_card":"summary_large_image","twitter_site":"@DexeusCampus","twitter_misc":{"Temps estimat de lectura":"4 minuts"},"schema":{"@context":"https:\/\/schema.org","@graph":[{"@type":"WebPage","@id":"https:\/\/www.dexeuscampus.com\/ca\/avis-legal\/","url":"https:\/\/www.dexeuscampus.com\/ca\/avis-legal\/","name":"Avis legal - Dexeus Campus","isPartOf":{"@id":"https:\/\/www.dexeuscampus.com\/ca\/#website"},"datePublished":"2021-11-16T11:05:43+00:00","dateModified":"2023-02-23T13:24:28+00:00","description":"La Fundaci\u00f3 Dexeus Dona, amb nom fiscal Fundaci\u00f3n Santiago Dexeus Font, amb domicili a la Gran Via Carles III 71-75 08028 Barcelona i NIF G60898194,","breadcrumb":{"@id":"https:\/\/www.dexeuscampus.com\/ca\/avis-legal\/#breadcrumb"},"inLanguage":"ca","potentialAction":[{"@type":"ReadAction","target":["https:\/\/www.dexeuscampus.com\/ca\/avis-legal\/"]}]},{"@type":"BreadcrumbList","@id":"https:\/\/www.dexeuscampus.com\/ca\/avis-legal\/#breadcrumb","itemListElement":[{"@type":"ListItem","position":1,"name":"Portada","item":"https:\/\/www.dexeuscampus.com\/ca\/inici\/"},{"@type":"ListItem","position":2,"name":"Avis legal"}]},{"@type":"WebSite","@id":"https:\/\/www.dexeuscampus.com\/ca\/#website","url":"https:\/\/www.dexeuscampus.com\/ca\/","name":"Dexeus Campus","description":"Plataforma online dirigida a los profesionales especializados en obstetricia, ginecolog\u00eda y reproducci\u00f3n","publisher":{"@id":"https:\/\/www.dexeuscampus.com\/ca\/#organization"},"potentialAction":[{"@type":"SearchAction","target":{"@type":"EntryPoint","urlTemplate":"https:\/\/www.dexeuscampus.com\/ca\/?s={search_term_string}"},"query-input":{"@type":"PropertyValueSpecification","valueRequired":true,"valueName":"search_term_string"}}],"inLanguage":"ca"},{"@type":"Organization","@id":"https:\/\/www.dexeuscampus.com\/ca\/#organization","name":"DEXEUS CAMPUS. FUNDACI\u00d3 DEXEUS DONA","url":"https:\/\/www.dexeuscampus.com\/ca\/","logo":{"@type":"ImageObject","inLanguage":"ca","@id":"https:\/\/www.dexeuscampus.com\/ca\/#\/schema\/logo\/image\/","url":"https:\/\/www.dexeuscampus.com\/wp-content\/uploads\/2021\/03\/Logo-Campus-Dexeus.png","contentUrl":"https:\/\/www.dexeuscampus.com\/wp-content\/uploads\/2021\/03\/Logo-Campus-Dexeus.png","width":2068,"height":1773,"caption":"DEXEUS CAMPUS. FUNDACI\u00d3 DEXEUS DONA"},"image":{"@id":"https:\/\/www.dexeuscampus.com\/ca\/#\/schema\/logo\/image\/"},"sameAs":["https:\/\/www.facebook.com\/CampusDexeus","https:\/\/x.com\/DexeusCampus","https:\/\/www.youtube.com\/user\/DexeusCampus","https:\/\/vimeo.com\/dexeuscampus","https:\/\/www.linkedin.com\/company\/dexeusmujer"]}]}},"_links":{"self":[{"href":"https:\/\/www.dexeuscampus.com\/ca\/wp-json\/wp\/v2\/pages\/9697","targetHints":{"allow":["GET"]}}],"collection":[{"href":"https:\/\/www.dexeuscampus.com\/ca\/wp-json\/wp\/v2\/pages"}],"about":[{"href":"https:\/\/www.dexeuscampus.com\/ca\/wp-json\/wp\/v2\/types\/page"}],"author":[{"embeddable":true,"href":"https:\/\/www.dexeuscampus.com\/ca\/wp-json\/wp\/v2\/users\/1"}],"replies":[{"embeddable":true,"href":"https:\/\/www.dexeuscampus.com\/ca\/wp-json\/wp\/v2\/comments?post=9697"}],"version-history":[{"count":0,"href":"https:\/\/www.dexeuscampus.com\/ca\/wp-json\/wp\/v2\/pages\/9697\/revisions"}],"wp:attachment":[{"href":"https:\/\/www.dexeuscampus.com\/ca\/wp-json\/wp\/v2\/media?parent=9697"}],"curies":[{"name":"wp","href":"https:\/\/api.w.org\/{rel}","templated":true}]}}