{"id":9785,"date":"2021-11-16T16:41:46","date_gmt":"2021-11-16T14:41:46","guid":{"rendered":"https:\/\/www.dexeuscampus.com\/mir\/"},"modified":"2026-03-27T08:55:51","modified_gmt":"2026-03-27T07:55:51","slug":"mir","status":"publish","type":"page","link":"https:\/\/www.dexeuscampus.com\/ca\/mir\/","title":{"rendered":"MIR"},"content":{"rendered":"\t\t<div data-elementor-type=\"wp-post\" data-elementor-id=\"9785\" class=\"elementor elementor-9785 elementor-88\" data-elementor-post-type=\"page\">\n\t\t\t\t\t\t<section class=\"elementor-section elementor-top-section elementor-element elementor-element-74c9982 elementor-section-full_width elementor-section-height-default elementor-section-height-default\" data-id=\"74c9982\" data-element_type=\"section\" data-e-type=\"section\">\n\t\t\t\t\t\t<div class=\"elementor-container elementor-column-gap-no\">\n\t\t\t\t\t<div class=\"elementor-column elementor-col-100 elementor-top-column elementor-element elementor-element-df04f64\" data-id=\"df04f64\" data-element_type=\"column\" data-e-type=\"column\">\n\t\t\t<div class=\"elementor-widget-wrap elementor-element-populated\">\n\t\t\t\t\t\t<div class=\"elementor-element elementor-element-b285e80 elementor-widget elementor-widget-menu-anchor\" data-id=\"b285e80\" data-element_type=\"widget\" data-e-type=\"widget\" data-widget_type=\"menu-anchor.default\">\n\t\t\t\t<div class=\"elementor-widget-container\">\n\t\t\t\t\t\t\t<div class=\"elementor-menu-anchor\" id=\"mir_puertas_abiertas\"><\/div>\n\t\t\t\t\t\t<\/div>\n\t\t\t\t<\/div>\n\t\t\t\t<div class=\"elementor-element elementor-element-d9b4c6e elementor--h-position-left elementor--v-position-middle elementor-arrows-position-inside elementor-pagination-position-inside elementor-invisible elementor-widget elementor-widget-slides\" data-id=\"d9b4c6e\" data-element_type=\"widget\" data-e-type=\"widget\" data-settings=\"{&quot;_animation&quot;:&quot;fadeIn&quot;,&quot;navigation&quot;:&quot;both&quot;,&quot;autoplay&quot;:&quot;yes&quot;,&quot;pause_on_hover&quot;:&quot;yes&quot;,&quot;pause_on_interaction&quot;:&quot;yes&quot;,&quot;autoplay_speed&quot;:5000,&quot;infinite&quot;:&quot;yes&quot;,&quot;transition&quot;:&quot;slide&quot;,&quot;transition_speed&quot;:500}\" data-widget_type=\"slides.default\">\n\t\t\t\t<div class=\"elementor-widget-container\">\n\t\t\t\t\t\t\t\t\t<div class=\"elementor-swiper\">\n\t\t\t\t\t<div class=\"elementor-slides-wrapper elementor-main-swiper swiper\" role=\"region\" aria-roledescription=\"carousel\" aria-label=\"Diapositivas\" dir=\"ltr\" data-animation=\"fadeInDown\">\n\t\t\t\t<div class=\"swiper-wrapper elementor-slides\">\n\t\t\t\t\t\t\t\t\t\t<div class=\"elementor-repeater-item-457b31e swiper-slide\" role=\"group\" aria-roledescription=\"slide\"><div class=\"swiper-slide-bg\" role=\"img\" aria-label=\"Pere-Barri-S-MIR\"><\/div><div class=\"elementor-background-overlay\"><\/div><div class=\"swiper-slide-inner\" ><div class=\"swiper-slide-contents\"><div class=\"elementor-slide-heading\"> Resid\u00e8ncia MIR en obstetr\u00edcia, ginecologia i reproducci\u00f3<\/div><div class=\"elementor-slide-description\"><p>Des de 1976, Unitat Docent de l'Hospital Universitari Dexeus reconeguda pel Programa Nacional de Metge Intern Resident (MIR)<\/p>\n<\/div><\/div><\/div><\/div>\t\t\t\t<\/div>\n\t\t\t\t\t\t\t<\/div>\n\t\t\t\t<\/div>\n\t\t\t\t\t\t\t\t<\/div>\n\t\t\t\t<\/div>\n\t\t\t\t\t<\/div>\n\t\t<\/div>\n\t\t\t\t\t<\/div>\n\t\t<\/section>\n\t\t\t\t<section class=\"elementor-section elementor-top-section elementor-element elementor-element-2d51e91 elementor-section-boxed elementor-section-height-default elementor-section-height-default\" data-id=\"2d51e91\" data-element_type=\"section\" data-e-type=\"section\" id=\"breadcrumbs\">\n\t\t\t\t\t\t<div class=\"elementor-container elementor-column-gap-default\">\n\t\t\t\t\t<div class=\"elementor-column elementor-col-100 elementor-top-column elementor-element elementor-element-8b78012\" data-id=\"8b78012\" data-element_type=\"column\" data-e-type=\"column\">\n\t\t\t<div class=\"elementor-widget-wrap elementor-element-populated\">\n\t\t\t\t\t\t<div class=\"elementor-element elementor-element-adc85d4 elementor-widget elementor-widget-menu-anchor\" data-id=\"adc85d4\" data-element_type=\"widget\" data-e-type=\"widget\" data-widget_type=\"menu-anchor.default\">\n\t\t\t\t<div class=\"elementor-widget-container\">\n\t\t\t\t\t\t\t<div class=\"elementor-menu-anchor\" id=\"video_residentes\"><\/div>\n\t\t\t\t\t\t<\/div>\n\t\t\t\t<\/div>\n\t\t\t\t<div class=\"elementor-element elementor-element-08f23f6 elementor-widget elementor-widget-shortcode\" data-id=\"08f23f6\" data-element_type=\"widget\" data-e-type=\"widget\" data-widget_type=\"shortcode.default\">\n\t\t\t\t<div class=\"elementor-widget-container\">\n\t\t\t\t\t<a href=\"https:\/\/www.dexeuscampus.com\/ca\/\" rel=\"nofollow\">Inici<\/a>&nbsp;&nbsp;&#187;&nbsp;&nbsp;MIR\t\t<div class=\"elementor-shortcode\"><\/div>\n\t\t\t\t\t\t<\/div>\n\t\t\t\t<\/div>\n\t\t\t\t\t<\/div>\n\t\t<\/div>\n\t\t\t\t\t<\/div>\n\t\t<\/section>\n\t\t\t\t<section class=\"elementor-section elementor-top-section elementor-element elementor-element-5434165 elementor-hidden-desktop elementor-hidden-tablet elementor-hidden-mobile_extra elementor-hidden-mobile elementor-section-boxed elementor-section-height-default elementor-section-height-default\" data-id=\"5434165\" data-element_type=\"section\" data-e-type=\"section\" data-settings=\"{&quot;background_background&quot;:&quot;classic&quot;}\">\n\t\t\t\t\t\t<div class=\"elementor-container elementor-column-gap-default\">\n\t\t\t\t\t<div class=\"elementor-column elementor-col-50 elementor-top-column elementor-element elementor-element-028ace4\" data-id=\"028ace4\" data-element_type=\"column\" data-e-type=\"column\">\n\t\t\t<div class=\"elementor-widget-wrap elementor-element-populated\">\n\t\t\t\t\t\t<div class=\"elementor-element elementor-element-f7ae827 elementor-widget elementor-widget-heading\" data-id=\"f7ae827\" data-element_type=\"widget\" data-e-type=\"widget\" data-widget_type=\"heading.default\">\n\t\t\t\t<div class=\"elementor-widget-container\">\n\t\t\t\t\t<h3 class=\"elementor-heading-title elementor-size-default\">Jornada de Portes Obertes MIR 2026<\/h3>\t\t\t\t<\/div>\n\t\t\t\t<\/div>\n\t\t\t\t<div class=\"elementor-element elementor-element-2a9fd4f elementor-widget elementor-widget-text-editor\" data-id=\"2a9fd4f\" data-element_type=\"widget\" data-e-type=\"widget\" data-widget_type=\"text-editor.default\">\n\t\t\t\t<div class=\"elementor-widget-container\">\n\t\t\t\t\t\t\t\t\t<p><strong>Divendres, 13 de Mar\u00e7 a les 13:00 hores<\/strong><\/p><p>AUDITORI Hospital Universitari Dexeus<\/p><p>C\/ Sabino de Arana, 5-19, 08028 Barcelona<\/p>\t\t\t\t\t\t\t\t<\/div>\n\t\t\t\t<\/div>\n\t\t\t\t<div class=\"elementor-element elementor-element-c971924 elementor-position-inline-start elementor-mobile-position-inline-start elementor-view-default elementor-widget elementor-widget-icon-box\" data-id=\"c971924\" data-element_type=\"widget\" data-e-type=\"widget\" data-widget_type=\"icon-box.default\">\n\t\t\t\t<div class=\"elementor-widget-container\">\n\t\t\t\t\t\t\t<div class=\"elementor-icon-box-wrapper\">\n\n\t\t\t\t\t\t<div class=\"elementor-icon-box-icon\">\n\t\t\t\t<a href=\"https:\/\/www.quironsalud.com\/dexeus-barcelona\/ca\/docencia\/jornada-de-portes-obertes-mir\" target=\"_blank\" class=\"elementor-icon\" tabindex=\"-1\" aria-label=\"Informaci\u00f3 Hospital Universitari Dexeus\">\n\t\t\t\t<i aria-hidden=\"true\" class=\"fas fa-info-circle\"><\/i>\t\t\t\t<\/a>\n\t\t\t<\/div>\n\t\t\t\n\t\t\t\t\t\t<div class=\"elementor-icon-box-content\">\n\n\t\t\t\t\t\t\t\t\t<h3 class=\"elementor-icon-box-title\">\n\t\t\t\t\t\t<a href=\"https:\/\/www.quironsalud.com\/dexeus-barcelona\/ca\/docencia\/jornada-de-portes-obertes-mir\" target=\"_blank\" >\n\t\t\t\t\t\t\tInformaci\u00f3 Hospital Universitari Dexeus\t\t\t\t\t\t<\/a>\n\t\t\t\t\t<\/h3>\n\t\t\t\t\n\t\t\t\t\n\t\t\t<\/div>\n\t\t\t\n\t\t<\/div>\n\t\t\t\t\t\t<\/div>\n\t\t\t\t<\/div>\n\t\t\t\t<div class=\"elementor-element elementor-element-91b01f0 elementor-align-left elementor-mobile-align-center elementor-widget elementor-widget-button\" data-id=\"91b01f0\" data-element_type=\"widget\" data-e-type=\"widget\" data-widget_type=\"button.default\">\n\t\t\t\t<div class=\"elementor-widget-container\">\n\t\t\t\t\t\t\t\t\t<div class=\"elementor-button-wrapper\">\n\t\t\t\t\t<a class=\"elementor-button elementor-button-link elementor-size-sm\" href=\"https:\/\/www.dexeuscampus.com\/wp-content\/uploads\/2026\/03\/programa-2026-jornada-portes-obertes.pdf\" target=\"_blank\">\n\t\t\t\t\t\t<span class=\"elementor-button-content-wrapper\">\n\t\t\t\t\t\t\t\t\t<span class=\"elementor-button-text\">Veure programa<\/span>\n\t\t\t\t\t<\/span>\n\t\t\t\t\t<\/a>\n\t\t\t\t<\/div>\n\t\t\t\t\t\t\t\t<\/div>\n\t\t\t\t<\/div>\n\t\t\t\t\t<\/div>\n\t\t<\/div>\n\t\t\t\t<div class=\"elementor-column elementor-col-50 elementor-top-column elementor-element elementor-element-136e5d3\" data-id=\"136e5d3\" data-element_type=\"column\" data-e-type=\"column\">\n\t\t\t<div class=\"elementor-widget-wrap elementor-element-populated\">\n\t\t\t\t\t\t<div class=\"elementor-element elementor-element-1c838b0 elementor-widget elementor-widget-image\" data-id=\"1c838b0\" data-element_type=\"widget\" data-e-type=\"widget\" data-widget_type=\"image.default\">\n\t\t\t\t<div class=\"elementor-widget-container\">\n\t\t\t\t\t\t\t\t\t\t\t\t\t\t\t\t<a href=\"https:\/\/www.quironsalud.com\/dexeus-barcelona\/ca\/docencia\/jornada-de-portes-obertes-mir\" target=\"_blank\">\n\t\t\t\t\t\t\t<img decoding=\"async\" src=\"https:\/\/www.dexeuscampus.com\/wp-content\/uploads\/elementor\/thumbs\/hospital-universitari-dexeus1-pch7bk24xu21i8vo92x67ex2896bki19fhpecbt5xg.jpg\" title=\"Hospital Universitari Dexeus\" alt=\"Hospital Universitari Dexeus\" loading=\"lazy\" \/>\t\t\t\t\t\t\t\t<\/a>\n\t\t\t\t\t\t\t\t\t\t\t\t\t\t\t<\/div>\n\t\t\t\t<\/div>\n\t\t\t\t\t<\/div>\n\t\t<\/div>\n\t\t\t\t\t<\/div>\n\t\t<\/section>\n\t\t\t\t<section class=\"elementor-section elementor-top-section elementor-element elementor-element-1620e9a elementor-section-boxed elementor-section-height-default elementor-section-height-default\" data-id=\"1620e9a\" data-element_type=\"section\" data-e-type=\"section\" data-settings=\"{&quot;background_background&quot;:&quot;classic&quot;}\">\n\t\t\t\t\t\t<div class=\"elementor-container elementor-column-gap-default\">\n\t\t\t\t\t<div class=\"elementor-column elementor-col-66 elementor-top-column elementor-element elementor-element-34c9b74\" data-id=\"34c9b74\" data-element_type=\"column\" data-e-type=\"column\">\n\t\t\t<div class=\"elementor-widget-wrap elementor-element-populated\">\n\t\t\t\t\t\t<div class=\"elementor-element elementor-element-f5aa72e elementor-widget elementor-widget-text-editor\" data-id=\"f5aa72e\" data-element_type=\"widget\" data-e-type=\"widget\" data-widget_type=\"text-editor.default\">\n\t\t\t\t<div class=\"elementor-widget-container\">\n\t\t\t\t\t\t\t\t\t<p>M\u00e9s de 200 residents han decidit fer la seva formaci\u00f3 amb nosaltres.<\/p>\t\t\t\t\t\t\t\t<\/div>\n\t\t\t\t<\/div>\n\t\t\t\t<div class=\"elementor-element elementor-element-7982327 elementor-widget elementor-widget-text-editor\" data-id=\"7982327\" data-element_type=\"widget\" data-e-type=\"widget\" data-widget_type=\"text-editor.default\">\n\t\t\t\t<div class=\"elementor-widget-container\">\n\t\t\t\t\t\t\t\t\t<p>Fer-ho ofereix molts avantatges.<br>No ho diem nosaltres, ho diuen ells.<\/p>\t\t\t\t\t\t\t\t<\/div>\n\t\t\t\t<\/div>\n\t\t\t\t\t<\/div>\n\t\t<\/div>\n\t\t\t\t<div class=\"elementor-column elementor-col-33 elementor-top-column elementor-element elementor-element-36e4c17\" data-id=\"36e4c17\" data-element_type=\"column\" data-e-type=\"column\" data-settings=\"{&quot;background_background&quot;:&quot;classic&quot;}\">\n\t\t\t<div class=\"elementor-widget-wrap elementor-element-populated\">\n\t\t\t\t\t\t<div class=\"elementor-element elementor-element-3bc34ce elementor-widget elementor-widget-video\" data-id=\"3bc34ce\" data-element_type=\"widget\" data-e-type=\"widget\" data-settings=\"{&quot;video_type&quot;:&quot;vimeo&quot;,&quot;show_image_overlay&quot;:&quot;yes&quot;,&quot;image_overlay&quot;:{&quot;url&quot;:&quot;https:\\\/\\\/www.dexeuscampus.com\\\/wp-content\\\/uploads\\\/2023\\\/03\\\/Residentes-MIR-2023.png&quot;,&quot;id&quot;:23763,&quot;size&quot;:&quot;&quot;,&quot;alt&quot;:&quot;Residentes MIR 2023&quot;,&quot;source&quot;:&quot;library&quot;}}\" data-widget_type=\"video.default\">\n\t\t\t\t<div class=\"elementor-widget-container\">\n\t\t\t\t\t\t\t<div class=\"elementor-wrapper elementor-open-inline\">\n\t\t\t<iframe class=\"elementor-video-iframe\" allowfullscreen allow=\"clipboard-write\" title=\"Reproductor de v\u00eddeo vimeo\" src=\"https:\/\/player.vimeo.com\/video\/805135497?color&amp;autopause=0&amp;loop=0&amp;muted=0&amp;title=0&amp;portrait=0&amp;byline=0#t=\"><\/iframe>\t\t\t\t<div class=\"elementor-custom-embed-image-overlay\" style=\"background-image: url(https:\/\/www.dexeuscampus.com\/wp-content\/uploads\/2023\/03\/Residentes-MIR-2023.png);\">\n\t\t\t\t\t\t\t\t\t\t\t\t\t\t\t\t<div class=\"elementor-custom-embed-play\" role=\"button\" aria-label=\"Reprodueix el v\u00eddeo quant a Residentes MIR 2023\" tabindex=\"0\">\n\t\t\t\t\t\t\t<i aria-hidden=\"true\" class=\"eicon-play\"><\/i>\t\t\t\t\t\t<\/div>\n\t\t\t\t\t\t\t\t\t<\/div>\n\t\t\t\t\t<\/div>\n\t\t\t\t\t\t<\/div>\n\t\t\t\t<\/div>\n\t\t\t\t\t<\/div>\n\t\t<\/div>\n\t\t\t\t\t<\/div>\n\t\t<\/section>\n\t\t\t\t<section class=\"elementor-section elementor-top-section elementor-element elementor-element-90f2bdd elementor-reverse-tablet elementor-reverse-mobile elementor-section-boxed elementor-section-height-default elementor-section-height-default\" data-id=\"90f2bdd\" data-element_type=\"section\" data-e-type=\"section\">\n\t\t\t\t\t\t<div class=\"elementor-container elementor-column-gap-default\">\n\t\t\t\t\t<div class=\"elementor-column elementor-col-33 elementor-top-column elementor-element elementor-element-1f46356\" data-id=\"1f46356\" data-element_type=\"column\" data-e-type=\"column\" data-settings=\"{&quot;background_background&quot;:&quot;classic&quot;}\">\n\t\t\t<div class=\"elementor-widget-wrap elementor-element-populated\">\n\t\t\t\t\t<div class=\"elementor-background-overlay\"><\/div>\n\t\t\t\t\t\t<div class=\"elementor-element elementor-element-54f5be4 elementor-widget elementor-widget-image\" data-id=\"54f5be4\" data-element_type=\"widget\" data-e-type=\"widget\" data-widget_type=\"image.default\">\n\t\t\t\t<div class=\"elementor-widget-container\">\n\t\t\t\t\t\t\t\t\t\t\t\t\t\t\t\t<a href=\"https:\/\/www.quironsalud.es\/dexeus-barcelona\/ca\/docencia\/metges-interns-residents\" target=\"_blank\" title=\"Unidad Docente del Hospital Universitari Dexeus\">\n\t\t\t\t\t\t\t<img fetchpriority=\"high\" decoding=\"async\" width=\"800\" height=\"660\" src=\"https:\/\/www.dexeuscampus.com\/wp-content\/uploads\/2023\/10\/logo-hospital-universitari-dexeus.png\" class=\"attachment-large size-large wp-image-26883\" alt=\"Hospital Universitari Dexeus - Grupo quir\u00f3nsalud\" srcset=\"https:\/\/www.dexeuscampus.com\/wp-content\/uploads\/2023\/10\/logo-hospital-universitari-dexeus.png 800w, https:\/\/www.dexeuscampus.com\/wp-content\/uploads\/2023\/10\/logo-hospital-universitari-dexeus-300x248.png 300w, https:\/\/www.dexeuscampus.com\/wp-content\/uploads\/2023\/10\/logo-hospital-universitari-dexeus-768x634.png 768w, https:\/\/www.dexeuscampus.com\/wp-content\/uploads\/2023\/10\/logo-hospital-universitari-dexeus-600x495.png 600w\" sizes=\"(max-width: 800px) 100vw, 800px\" \/>\t\t\t\t\t\t\t\t<\/a>\n\t\t\t\t\t\t\t\t\t\t\t\t\t\t\t<\/div>\n\t\t\t\t<\/div>\n\t\t\t\t\t<\/div>\n\t\t<\/div>\n\t\t\t\t<div class=\"elementor-column elementor-col-66 elementor-top-column elementor-element elementor-element-c3592bb\" data-id=\"c3592bb\" data-element_type=\"column\" data-e-type=\"column\">\n\t\t\t<div class=\"elementor-widget-wrap elementor-element-populated\">\n\t\t\t\t\t\t<div class=\"elementor-element elementor-element-4427cd0 elementor-widget elementor-widget-heading\" data-id=\"4427cd0\" data-element_type=\"widget\" data-e-type=\"widget\" data-widget_type=\"heading.default\">\n\t\t\t\t<div class=\"elementor-widget-container\">\n\t\t\t\t\t<h2 class=\"elementor-heading-title elementor-size-default\">Resid\u00e8ncia a Dexeus<\/h2>\t\t\t\t<\/div>\n\t\t\t\t<\/div>\n\t\t\t\t<div class=\"elementor-element elementor-element-e2154cc elementor-widget elementor-widget-text-editor\" data-id=\"e2154cc\" data-element_type=\"widget\" data-e-type=\"widget\" data-widget_type=\"text-editor.default\">\n\t\t\t\t<div class=\"elementor-widget-container\">\n\t\t\t\t\t\t\t\t\t<p>L\u2019excel\u00b7l\u00e8ncia en la formaci\u00f3 m\u00e8dica \u00e9s la nostra prioritat. Ens enorgulleix oferir un entorn \u00fanic i estimulant per al desenvolupament professional dels nostres residents. <\/p><p class=\"p1\">El Departament d&#8217;Obstetr\u00edcia, Ginecologia i Reproducci\u00f3 de Dexeus Dona \u00e9s una Unitat Docent de l&#8217;<a href=\"https:\/\/www.quironsalud.es\/dexeus-barcelona\/ca\/docencia\/metges-interns-residents\" target=\"_blank\" rel=\"noopener\">Hospital Universitari Dexeus<\/a>, reconeguda l&#8217;any 1976 pel Programa Nacional de Metge Intern Resident (MIR). En l&#8217;actualitat, est\u00e0 regulada pel Reial decret 127\/1984, d&#8217;11 de gener, pel qual es regula la formaci\u00f3 m\u00e8dica especialitzada i l&#8217;obtenci\u00f3 del t\u00edtol de Metge Especialista.<\/p><p class=\"p1\">Des d&#8217;aleshores al nostre centre formem futurs especialistes en obstetr\u00edcia i ginecologia d&#8217;acord amb el programa oficial de l&#8217;especialitat (Ordre SAS\/1350\/2009), en r\u00e8gim de resid\u00e8ncia i amb una durada de quatre anys. Cada any s\u2019incorporen tres nous residents MIR, cosa que fa un total de 12 metges residents de forma permanent, els quals aprenen i participen de l\u2019activitat assistencial del Departament.<\/p>\t\t\t\t\t\t\t\t<\/div>\n\t\t\t\t<\/div>\n\t\t\t\t\t<\/div>\n\t\t<\/div>\n\t\t\t\t\t<\/div>\n\t\t<\/section>\n\t\t\t\t<section class=\"elementor-section elementor-top-section elementor-element elementor-element-2a79485 elementor-section-boxed elementor-section-height-default elementor-section-height-default\" data-id=\"2a79485\" data-element_type=\"section\" data-e-type=\"section\">\n\t\t\t\t\t\t<div class=\"elementor-container elementor-column-gap-default\">\n\t\t\t\t\t<div class=\"elementor-column elementor-col-100 elementor-top-column elementor-element elementor-element-4c98717\" data-id=\"4c98717\" data-element_type=\"column\" data-e-type=\"column\">\n\t\t\t<div class=\"elementor-widget-wrap elementor-element-populated\">\n\t\t\t\t\t\t<div class=\"elementor-element elementor-element-536877e elementor-widget elementor-widget-menu-anchor\" data-id=\"536877e\" data-element_type=\"widget\" data-e-type=\"widget\" data-widget_type=\"menu-anchor.default\">\n\t\t\t\t<div class=\"elementor-widget-container\">\n\t\t\t\t\t\t\t<div class=\"elementor-menu-anchor\" id=\"eleccion_plaza\"><\/div>\n\t\t\t\t\t\t<\/div>\n\t\t\t\t<\/div>\n\t\t\t\t<div class=\"elementor-element elementor-element-f19bb50 elementor-widget elementor-widget-accordion\" data-id=\"f19bb50\" data-element_type=\"widget\" data-e-type=\"widget\" data-widget_type=\"accordion.default\">\n\t\t\t\t<div class=\"elementor-widget-container\">\n\t\t\t\t\t\t\t<div class=\"elementor-accordion\">\n\t\t\t\t\t\t\t<div class=\"elementor-accordion-item\">\n\t\t\t\t\t<div id=\"elementor-tab-title-2531\" class=\"elementor-tab-title\" data-tab=\"1\" role=\"button\" aria-controls=\"elementor-tab-content-2531\" aria-expanded=\"false\">\n\t\t\t\t\t\t\t\t\t\t\t\t\t<span class=\"elementor-accordion-icon elementor-accordion-icon-left\" aria-hidden=\"true\">\n\t\t\t\t\t\t\t\t\t\t\t\t\t\t\t<span class=\"elementor-accordion-icon-closed\"><i class=\"fas fa-plus\"><\/i><\/span>\n\t\t\t\t\t\t\t\t<span class=\"elementor-accordion-icon-opened\"><i class=\"fas fa-minus\"><\/i><\/span>\n\t\t\t\t\t\t\t\t\t\t\t\t\t\t<\/span>\n\t\t\t\t\t\t\t\t\t\t\t\t<a class=\"elementor-accordion-title\" tabindex=\"0\">Guia Docent i Rotacions<\/a>\n\t\t\t\t\t<\/div>\n\t\t\t\t\t<div id=\"elementor-tab-content-2531\" class=\"elementor-tab-content elementor-clearfix\" data-tab=\"1\" role=\"region\" aria-labelledby=\"elementor-tab-title-2531\"><p>El programa formatiu dels residents MIR del departament \u00e9s molt complet, i inclou rotacions en els serveis d&#8217;Obstetr\u00edcia, Ginecologia, Diagn\u00f2stic per la Imatge i Reproducci\u00f3. Els residents fan les rotacions tant en l&#8217;\u00e0rea de consultes com en la de quir\u00f2fans i paritoris. <\/p>\n<blockquote>\n<p><a title=\"TOUR Virtual Obstetr\u00edcia\" href=\"https:\/\/www.dexeus.com\/tour-virtual-parto\/es.html\" target=\"_blank\" rel=\"noopener\">TOUR Virtual Obstetricia<\/a><br \/><a title=\"TOUR Virtual Reproducci\u00f3\" href=\"https:\/\/www.dexeus.com\/tour-virtual-lab\/es.html\" target=\"_blank\" rel=\"noopener\">TOUR Virtual Reproducci\u00f3<\/a><br \/><a title=\"Veure Guia Docent \/ Itinerari Formatiu\" href=\"https:\/\/www.dexeuscampus.com\/wp-content\/uploads\/2026\/03\/GIFT-cronograma-2026.pdf\" target=\"_blank\" rel=\"noopener\">Veure Guia Docent \/ Itinerari Formatiu<\/a><br \/><a title=\"Veure Protocol de Supervisi\u00f3 Obstetr\u00edcia i Ginecologia\" href=\"https:\/\/www.dexeuscampus.com\/wp-content\/uploads\/2023\/04\/protocolo-supervision-obstetricia-ginecologia.pdf\" target=\"_blank\" rel=\"noopener\">Veure Protocol de Supervisi\u00f3 Obstetr\u00edcia i Ginecologia<\/a><br \/><a title=\"Veure Cronograma de rotacions\" href=\"https:\/\/www.dexeuscampus.com\/wp-content\/uploads\/2026\/03\/cronograma-rotaciones-2026.pdf\" target=\"_blank\" rel=\"noopener\">Veure Cronograma de rotacions<\/a><\/p>\n<\/blockquote>\n<p>La programaci\u00f3 de les activitats i les rotacions dels residents d&#8217;Obstetr\u00edcia i Ginecologia inclou, a m\u00e9s dels aspectes teoricopr\u00e0ctics habituals de l&#8217;especialitat, una preparaci\u00f3 exhaustiva per a la realitzaci\u00f3 de tasques de recerca m\u00e8dic-biol\u00f2gica, bioestad\u00edstica m\u00e8dica, etc. Amb aquesta finalitat, els residents assisteixen a cursos de formaci\u00f3 continuada, col\u00b7laboren en les l\u00ednies de recerca del Departament i participen en la redacci\u00f3 d\u2019articles cient\u00edfics relacionats amb les investigacions realitzades durant la seva resid\u00e8ncia. <\/p>\n<p>La totalitat de l&#8217;activitat assistencial, formativa i cient\u00edfica desenvolupada en cada curs es recull puntualment en el \u00abLlibre curricular\u00bb<\/p>\n<p>Els residents tenen a la seva disposici\u00f3 una \u201cAula Virtual\u201d amb tot el material formatiu corresponent a les classes, sessions cl\u00edniques i cursos realitzats durant els anys de resid\u00e8ncia.<\/p>\n<p><a title=\"aula.campusdexeus.com\" href=\"https:\/\/aula.campusdexeus.com\/\" target=\"_blank\" rel=\"noopener\">aula.campusdexeus.com<\/a><\/p>\n<\/div>\n\t\t\t\t<\/div>\n\t\t\t\t\t\t\t<div class=\"elementor-accordion-item\">\n\t\t\t\t\t<div id=\"elementor-tab-title-2532\" class=\"elementor-tab-title\" data-tab=\"2\" role=\"button\" aria-controls=\"elementor-tab-content-2532\" aria-expanded=\"false\">\n\t\t\t\t\t\t\t\t\t\t\t\t\t<span class=\"elementor-accordion-icon elementor-accordion-icon-left\" aria-hidden=\"true\">\n\t\t\t\t\t\t\t\t\t\t\t\t\t\t\t<span class=\"elementor-accordion-icon-closed\"><i class=\"fas fa-plus\"><\/i><\/span>\n\t\t\t\t\t\t\t\t<span class=\"elementor-accordion-icon-opened\"><i class=\"fas fa-minus\"><\/i><\/span>\n\t\t\t\t\t\t\t\t\t\t\t\t\t\t<\/span>\n\t\t\t\t\t\t\t\t\t\t\t\t<a class=\"elementor-accordion-title\" tabindex=\"0\">Elecci\u00f3 de pla\u00e7a<\/a>\n\t\t\t\t\t<\/div>\n\t\t\t\t\t<div id=\"elementor-tab-content-2532\" class=\"elementor-tab-content elementor-clearfix\" data-tab=\"2\" role=\"region\" aria-labelledby=\"elementor-tab-title-2532\"><p><strong>Pel RD 589-2022 de 19 de juliol, (article 23.2):<\/strong><br \/><em>\u201cL\u2019elecci\u00f3 de pla\u00e7a es realitzar\u00e0 d\u2019acord amb l\u2019ordre decreixent de puntuaci\u00f3 obtinguda amb qu\u00e8 figuri cada aspirant en la relaci\u00f3 definitiva de resultats de la corresponent convocat\u00f2ria, independentment que el centre sigui p\u00fablic o privat\u201d.<\/em><\/p>\n<p><strong>Aix\u00ed doncs, ja NO es requereix la conformitat del nostre centre per accedir a una de les 3 places ofertes.<\/strong><\/p>\n<\/div>\n\t\t\t\t<\/div>\n\t\t\t\t\t\t\t<div class=\"elementor-accordion-item\">\n\t\t\t\t\t<div id=\"elementor-tab-title-2533\" class=\"elementor-tab-title\" data-tab=\"3\" role=\"button\" aria-controls=\"elementor-tab-content-2533\" aria-expanded=\"false\">\n\t\t\t\t\t\t\t\t\t\t\t\t\t<span class=\"elementor-accordion-icon elementor-accordion-icon-left\" aria-hidden=\"true\">\n\t\t\t\t\t\t\t\t\t\t\t\t\t\t\t<span class=\"elementor-accordion-icon-closed\"><i class=\"fas fa-plus\"><\/i><\/span>\n\t\t\t\t\t\t\t\t<span class=\"elementor-accordion-icon-opened\"><i class=\"fas fa-minus\"><\/i><\/span>\n\t\t\t\t\t\t\t\t\t\t\t\t\t\t<\/span>\n\t\t\t\t\t\t\t\t\t\t\t\t<a class=\"elementor-accordion-title\" tabindex=\"0\">Adjudicaci\u00f3 de places<\/a>\n\t\t\t\t\t<\/div>\n\t\t\t\t\t<div id=\"elementor-tab-content-2533\" class=\"elementor-tab-content elementor-clearfix\" data-tab=\"3\" role=\"region\" aria-labelledby=\"elementor-tab-title-2533\"><h5><strong>L\u2019adjudicaci\u00f3 de places es regeix per la legislaci\u00f3 vigent:<\/strong><\/h5>\n<p><strong>Real Decreto 589\/2022.<\/strong><br \/><strong>Art\u00edculo 23. Adjudicaci\u00f3n de plazas.<\/strong><br \/><span style=\"font-size: 15px; font-style: italic;\">1. Tanto la elecci\u00f3n como la adjudicaci\u00f3n de plaza se llevar\u00e1 a cabo mediante medios electr\u00f3nicos.<br \/>2. La elecci\u00f3n de plaza se realizar\u00e1 de acuerdo con el orden decreciente de puntuaci\u00f3n obtenida con la que figure cada aspirante en la relaci\u00f3n definitiva de resultados de la correspondiente convocatoria, independientemente de si la titularidad del centro es p\u00fablica o privada, con las excepciones previstas en el art\u00edculo 20.<br \/>3. No podr\u00e1n adjudicarse en la misma convocatoria las plazas que resulten vacantes con posterioridad a los actos de adjudicaci\u00f3n por no ser elegidas por las personas aspirantes o por la renuncia expresa o t\u00e1cita de aquellas a las que se les hubiesen adjudicado. Asimismo, no se permitir\u00e1 la permuta de plazas entre aspirantes ni el traslado de centro ni unidad docente, salvo en el supuesto de desacreditaci\u00f3n de la unidad docente u otros supuestos excepcionales previstos por la legislaci\u00f3n aplicable.<\/span><\/p>\n<p><strong>Orden SND\/840\/2022.<\/strong><br \/><strong>Octavo. Adjudicaci\u00f3n de plazas.<\/strong><br \/><span style=\"font-size: 15px; font-style: italic;\">En el mes siguiente a la aprobaci\u00f3n de las relaciones definitivas de resultados, la persona titular de la Direcci\u00f3n General de Ordenaci\u00f3n Profesional dictar\u00e1 resoluci\u00f3n, que se publicar\u00e1 en el \u00abBolet\u00edn Oficial del Estado\u00bb, convocando por titulaciones, a las personas seleccionadas de cualquier turno que hayan alcanzado la puntuaci\u00f3n m\u00ednima para que presenten solicitud de adjudicaci\u00f3n de plaza. En dicha resoluci\u00f3n se establecer\u00e1n las indicaciones espec\u00edficas para llevar acabo la adjudicaci\u00f3n de plazas, as\u00ed como el plazo y dem\u00e1s circunstancias relativas a la toma de posesi\u00f3n de aquellos a los que se adjudique plaza. Las Comisiones de Docencia publicar\u00e1n, por medios electr\u00f3nicos y antes de aprobarse la resoluci\u00f3n mediante la que se convoca a los actos de adjudicaci\u00f3n de plaza, las gu\u00edas o itinerarios formativos tipo de las unidades docentes que tienen adscritas y los correspondientes cronogramas de rotaci\u00f3n incluida la capacidad docente de los distintos dispositivos docentes.<br \/>BOLET\u00cdN OFICIAL DEL ESTADO N\u00fam. 211 Viernes 2 de septiembre de 2022 Sec. II.B. P\u00e1g. 122062 cv.<br \/>Cualquiera que sea el n\u00famero de personas presentadas que hayan alcanzado la puntuaci\u00f3n m\u00ednima en el ejercicio de contestaciones m\u00faltiples, no podr\u00e1 adjudicarse un n\u00famero de plazas en formaci\u00f3n superior al que contienen, para cada comunidad aut\u00f3noma, especialidad, titulaci\u00f3n, los cuadros 1 y 2 del anexo I. La adjudicaci\u00f3n de plazas se efectuar\u00e1 exclusivamente por medios electr\u00f3nicos, atendiendo a la solicitud que formulen las personas que hayan alcanzado la puntuaci\u00f3n m\u00ednima, por riguroso orden decreciente de la puntuaci\u00f3n total individual reconocida en la relaci\u00f3n definitiva de resultados. En los actos de adjudicaci\u00f3n se observar\u00e1n las siguientes reglas:<br \/>Primera. La elecci\u00f3n de plaza se llevar\u00e1 a cabo obligatoriamente a trav\u00e9s de alguno de los siguientes medios electr\u00f3nicos:<br \/>a) Con car\u00e1cter general, certificado electr\u00f3nico reconocido de persona f\u00edsica o medio equivalente (Cl@ve).  Los sistemas de identificaci\u00f3n admitidos para realizar la presentaci\u00f3n de la solicitud ser\u00e1n: Certificado electr\u00f3nico reconocido de persona f\u00edsica o Cl@ve Permanente. Los sistemas de firma admitidos para realizar la presentaci\u00f3n de la solicitud ser\u00e1n: AutoFirm@ y Cl@veFirma.<br \/>b) Soluci\u00f3n propia de autenticaci\u00f3n y firma no criptogr\u00e1fica basada en sistema de claves concertadas, para los aspirantes contemplados en la base 1, apartado e) del dispongo segundo de la presente orden y para los aspirantes contemplados en la base 1, apartado c) del dispongo segundo de la presente orden que no dispongan de NIE. Los Interventores-Presidentes de Mesa el d\u00eda de examen entregar\u00e1n un documento con una pre-clave de acceso para el proceso posterior de la presentaci\u00f3n de la solicitud electr\u00f3nica de adjudicaci\u00f3n de plaza. Se deber\u00e1 firmar y entregar el documento \u00abRecib\u00ed pre-clave\u00bb. Excepcionalmente, el Ministerio de Sanidad podr\u00e1 autorizar este tipo de firma cuando se haya producido un cambio de situaci\u00f3n administrativa desde la presentaci\u00f3n de solicitudes o bien la p\u00e9rdida o sustracci\u00f3n del DNI electr\u00f3nico, acreditando dicha circunstancia y aportando informaci\u00f3n personal de la convocatoria.<\/span><\/p>\n<\/div>\n\t\t\t\t<\/div>\n\t\t\t\t\t\t\t<div class=\"elementor-accordion-item\">\n\t\t\t\t\t<div id=\"elementor-tab-title-2534\" class=\"elementor-tab-title\" data-tab=\"4\" role=\"button\" aria-controls=\"elementor-tab-content-2534\" aria-expanded=\"false\">\n\t\t\t\t\t\t\t\t\t\t\t\t\t<span class=\"elementor-accordion-icon elementor-accordion-icon-left\" aria-hidden=\"true\">\n\t\t\t\t\t\t\t\t\t\t\t\t\t\t\t<span class=\"elementor-accordion-icon-closed\"><i class=\"fas fa-plus\"><\/i><\/span>\n\t\t\t\t\t\t\t\t<span class=\"elementor-accordion-icon-opened\"><i class=\"fas fa-minus\"><\/i><\/span>\n\t\t\t\t\t\t\t\t\t\t\t\t\t\t<\/span>\n\t\t\t\t\t\t\t\t\t\t\t\t<a class=\"elementor-accordion-title\" tabindex=\"0\">Acollida del resident<\/a>\n\t\t\t\t\t<\/div>\n\t\t\t\t\t<div id=\"elementor-tab-content-2534\" class=\"elementor-tab-content elementor-clearfix\" data-tab=\"4\" role=\"region\" aria-labelledby=\"elementor-tab-title-2534\"><p>Abans de l\u2019inici de la resid\u00e8ncia, els nous Metges Residents en Obstetr\u00edcia i Ginecologia s\u00f3n rebuts oficialment en el Departament d\u2019Obstetr\u00edcia, Ginecologia i Reproducci\u00f3 de Dexeus Dona, en un acte d\u2019acollida per part de la Direcci\u00f3 del centre.<\/p>\n<p>A cada resident se li assignar\u00e0 un tutor, el qual s&#8217;encarregar\u00e0 del seu seguiment i de les avaluacions peri\u00f2diques i anuals. La tasca dels tutors no es limita a supervisar la traject\u00f2ria formativa dels MIR; tamb\u00e9 els orienten i els aconsellen durant la seva resid\u00e8ncia, i fan de mediadors en cas d\u2019un possible conflicte. <\/p>\n<\/div>\n\t\t\t\t<\/div>\n\t\t\t\t\t\t\t\t<\/div>\n\t\t\t\t\t\t<\/div>\n\t\t\t\t<\/div>\n\t\t\t\t\t<\/div>\n\t\t<\/div>\n\t\t\t\t\t<\/div>\n\t\t<\/section>\n\t\t\t\t<section class=\"elementor-section elementor-top-section elementor-element elementor-element-770b4f4 elementor-section-boxed elementor-section-height-default elementor-section-height-default\" data-id=\"770b4f4\" data-element_type=\"section\" data-e-type=\"section\" data-settings=\"{&quot;background_background&quot;:&quot;classic&quot;}\">\n\t\t\t\t\t\t<div class=\"elementor-container elementor-column-gap-default\">\n\t\t\t\t\t<div class=\"elementor-column elementor-col-100 elementor-top-column elementor-element elementor-element-9092a3f\" data-id=\"9092a3f\" data-element_type=\"column\" data-e-type=\"column\">\n\t\t\t<div class=\"elementor-widget-wrap elementor-element-populated\">\n\t\t\t\t\t\t<div class=\"elementor-element elementor-element-79a9553 elementor-widget elementor-widget-text-editor\" data-id=\"79a9553\" data-element_type=\"widget\" data-e-type=\"widget\" data-widget_type=\"text-editor.default\">\n\t\t\t\t<div class=\"elementor-widget-container\">\n\t\t\t\t\t\t\t\t\t<h4><strong>Per a m\u00e9s informaci\u00f3:<\/strong><\/h4><p style=\"padding-left: 40px;\"><strong>Comissi\u00f3 de Doc\u00e8ncia<\/strong><br>Hospital Universitari Dexeus<br><a title=\"mailto:docencia.dex@quironsalud.es\" href=\"mailto:docencia.dex@quironsalud.es\">docencia.dex@quironsalud.es<\/a><\/p><p style=\"padding-left: 40px;\"><strong>Secretaria Unitat Docent d&#8217;Obstetr\u00edcia, Ginecologia i Reproducci\u00f3<\/strong><br><a title=\"mailto:comisionmir@dexeus.com\" href=\"mailto:comisionmir@dexeus.com\">comisionmir@dexeus.com<\/a><br>Tel\u00e8fon: <a title=\"93 227 47 10\" href=\"tel:+34932274710\">93 227 47 10<\/a> (horari de 8 a 15 h).<\/p><p style=\"margin-top: 15px;\">Per a altres especialitats la informaci\u00f3 per a la sol\u00b7licitud de pla\u00e7a de resident es troba en l\u2019\u00e0rea de doc\u00e8ncia de la <a title=\"Web de l\u2019Hospital Universitari Dexeus\" href=\"https:\/\/www.quironsalud.es\/dexeus-barcelona\/ca\/docencia\/metges-interns-residents\" target=\"_blank\" rel=\"noopener\">Web de l\u2019Hospital Universitari Dexeus<\/a>.<\/p>\t\t\t\t\t\t\t\t<\/div>\n\t\t\t\t<\/div>\n\t\t\t\t\t<\/div>\n\t\t<\/div>\n\t\t\t\t\t<\/div>\n\t\t<\/section>\n\t\t\t\t<section class=\"elementor-section elementor-top-section elementor-element elementor-element-c1aff04 elementor-section-boxed elementor-section-height-default elementor-section-height-default\" data-id=\"c1aff04\" data-element_type=\"section\" data-e-type=\"section\" data-settings=\"{&quot;background_background&quot;:&quot;classic&quot;}\">\n\t\t\t\t\t\t<div class=\"elementor-container elementor-column-gap-default\">\n\t\t\t\t\t<div class=\"elementor-column elementor-col-33 elementor-top-column elementor-element elementor-element-4fb8d8b\" data-id=\"4fb8d8b\" data-element_type=\"column\" data-e-type=\"column\" data-settings=\"{&quot;background_background&quot;:&quot;classic&quot;}\">\n\t\t\t<div class=\"elementor-widget-wrap elementor-element-populated\">\n\t\t\t\t\t\t<div class=\"elementor-element elementor-element-456b179 elementor-widget elementor-widget-video\" data-id=\"456b179\" data-element_type=\"widget\" data-e-type=\"widget\" data-settings=\"{&quot;video_type&quot;:&quot;hosted&quot;,&quot;show_image_overlay&quot;:&quot;yes&quot;,&quot;image_overlay&quot;:{&quot;url&quot;:&quot;https:\\\/\\\/www.dexeuscampus.com\\\/wp-content\\\/uploads\\\/2021\\\/06\\\/Residentes-MIR.png&quot;,&quot;id&quot;:3303,&quot;size&quot;:&quot;&quot;},&quot;controls&quot;:&quot;yes&quot;}\" data-widget_type=\"video.default\">\n\t\t\t\t<div class=\"elementor-widget-container\">\n\t\t\t\t\t\t\t<div class=\"e-hosted-video elementor-wrapper elementor-open-inline\">\n\t\t\t\t\t<video class=\"elementor-video\" src=\"https:\/\/www.dexeuscampus.com\/wp-content\/uploads\/2021\/06\/RESIDENTES_ESP.mp4\" controls=\"\" preload=\"metadata\" controlsList=\"nodownload\"><\/video>\n\t\t\t\t\t\t<div class=\"elementor-custom-embed-image-overlay\" style=\"background-image: url(https:\/\/www.dexeuscampus.com\/wp-content\/uploads\/2021\/06\/Residentes-MIR.png);\">\n\t\t\t\t\t\t\t\t\t\t\t\t\t\t\t\t<div class=\"elementor-custom-embed-play\" role=\"button\" aria-label=\"Reprodueix v\u00eddeo\" tabindex=\"0\">\n\t\t\t\t\t\t\t<i aria-hidden=\"true\" class=\"eicon-play\"><\/i>\t\t\t\t\t\t<\/div>\n\t\t\t\t\t\t\t\t\t<\/div>\n\t\t\t\t\t<\/div>\n\t\t\t\t\t\t<\/div>\n\t\t\t\t<\/div>\n\t\t\t\t\t<\/div>\n\t\t<\/div>\n\t\t\t\t<div class=\"elementor-column elementor-col-66 elementor-top-column elementor-element elementor-element-891d850\" data-id=\"891d850\" data-element_type=\"column\" data-e-type=\"column\">\n\t\t\t<div class=\"elementor-widget-wrap elementor-element-populated\">\n\t\t\t\t\t\t<div class=\"elementor-element elementor-element-45b1911 elementor-widget elementor-widget-text-editor\" data-id=\"45b1911\" data-element_type=\"widget\" data-e-type=\"widget\" data-widget_type=\"text-editor.default\">\n\t\t\t\t<div class=\"elementor-widget-container\">\n\t\t\t\t\t\t\t\t\t\u00ab<em>Et donem 5 motius perqu\u00e8 no dubtis a triar el nostre hospital per a fer la teva resid\u00e8ncia<\/em>\u00bb.\t\t\t\t\t\t\t\t<\/div>\n\t\t\t\t<\/div>\n\t\t\t\t<div class=\"elementor-element elementor-element-f8793e6 elementor-widget elementor-widget-text-editor\" data-id=\"f8793e6\" data-element_type=\"widget\" data-e-type=\"widget\" data-widget_type=\"text-editor.default\">\n\t\t\t\t<div class=\"elementor-widget-container\">\n\t\t\t\t\t\t\t\t\t<p><strong>Dra. Claudia Montero i Dra. Janire Zarragoitia  <br><\/strong>Residentes de Obstetricia y Ginecolog\u00eda del Hospital Universitari Dexeus<\/p>\t\t\t\t\t\t\t\t<\/div>\n\t\t\t\t<\/div>\n\t\t\t\t\t<\/div>\n\t\t<\/div>\n\t\t\t\t\t<\/div>\n\t\t<\/section>\n\t\t\t\t<\/div>\n\t\t","protected":false},"excerpt":{"rendered":"<p>Resid\u00e8ncia MIR en obstetr\u00edcia, ginecologia i reproducci\u00f3 Des de 1976, Unitat Docent de l&#8217;Hospital Universitari Dexeus reconeguda pel Programa Nacional de Metge Intern Resident (MIR) Jornada de Portes Obertes MIR 2026 Divendres, 13 de Mar\u00e7 a les 13:00 hores AUDITORI Hospital Universitari Dexeus C\/ Sabino de Arana, 5-19, 08028 Barcelona Informaci\u00f3 Hospital Universitari Dexeus Veure [&hellip;]<\/p>\n","protected":false},"author":1,"featured_media":321,"parent":0,"menu_order":0,"comment_status":"closed","ping_status":"closed","template":"elementor_header_footer","meta":{"footnotes":""},"class_list":["post-9785","page","type-page","status-publish","has-post-thumbnail","hentry"],"yoast_head":"<!-- This site is optimized with the Yoast SEO plugin v27.5 - https:\/\/yoast.com\/product\/yoast-seo-wordpress\/ -->\n<title>MIR - Dexeus Campus<\/title>\n<meta name=\"description\" content=\"Unitat Docent de l&#039;Hospital Universitari Dexeus reconeguda des de l&#039;any 1976 pel Programa Nacional de Metge Intern Resident (MIR)\" \/>\n<meta name=\"robots\" content=\"index, follow, max-snippet:-1, max-image-preview:large, max-video-preview:-1\" \/>\n<link rel=\"canonical\" href=\"https:\/\/www.dexeuscampus.com\/ca\/mir\/\" \/>\n<meta property=\"og:locale\" content=\"ca_ES\" \/>\n<meta property=\"og:type\" content=\"article\" \/>\n<meta property=\"og:title\" content=\"MIR - Dexeus Campus\" \/>\n<meta property=\"og:description\" content=\"Unitat Docent de l&#039;Hospital Universitari Dexeus reconeguda des de l&#039;any 1976 pel Programa Nacional de Metge Intern Resident (MIR)\" \/>\n<meta property=\"og:url\" content=\"https:\/\/www.dexeuscampus.com\/ca\/mir\/\" \/>\n<meta property=\"og:site_name\" content=\"Dexeus Campus\" \/>\n<meta property=\"article:publisher\" content=\"https:\/\/www.facebook.com\/CampusDexeus\" \/>\n<meta property=\"article:modified_time\" content=\"2026-03-27T07:55:51+00:00\" \/>\n<meta property=\"og:image\" content=\"https:\/\/www.dexeuscampus.com\/wp-content\/uploads\/2021\/03\/mir1.png\" \/>\n\t<meta property=\"og:image:width\" content=\"740\" \/>\n\t<meta property=\"og:image:height\" content=\"226\" \/>\n\t<meta property=\"og:image:type\" content=\"image\/png\" \/>\n<meta name=\"twitter:card\" content=\"summary_large_image\" \/>\n<meta name=\"twitter:site\" content=\"@DexeusCampus\" \/>\n<meta name=\"twitter:label1\" content=\"Temps estimat de lectura\" \/>\n\t<meta name=\"twitter:data1\" content=\"7 minuts\" \/>\n<script type=\"application\/ld+json\" class=\"yoast-schema-graph\">{\"@context\":\"https:\\\/\\\/schema.org\",\"@graph\":[{\"@type\":\"WebPage\",\"@id\":\"https:\\\/\\\/www.dexeuscampus.com\\\/ca\\\/mir\\\/\",\"url\":\"https:\\\/\\\/www.dexeuscampus.com\\\/ca\\\/mir\\\/\",\"name\":\"MIR - Dexeus Campus\",\"isPartOf\":{\"@id\":\"https:\\\/\\\/www.dexeuscampus.com\\\/ca\\\/#website\"},\"primaryImageOfPage\":{\"@id\":\"https:\\\/\\\/www.dexeuscampus.com\\\/ca\\\/mir\\\/#primaryimage\"},\"image\":{\"@id\":\"https:\\\/\\\/www.dexeuscampus.com\\\/ca\\\/mir\\\/#primaryimage\"},\"thumbnailUrl\":\"https:\\\/\\\/www.dexeuscampus.com\\\/wp-content\\\/uploads\\\/2021\\\/03\\\/mir1.png\",\"datePublished\":\"2021-11-16T14:41:46+00:00\",\"dateModified\":\"2026-03-27T07:55:51+00:00\",\"description\":\"Unitat Docent de l'Hospital Universitari Dexeus reconeguda des de l'any 1976 pel Programa Nacional de Metge Intern Resident (MIR)\",\"breadcrumb\":{\"@id\":\"https:\\\/\\\/www.dexeuscampus.com\\\/ca\\\/mir\\\/#breadcrumb\"},\"inLanguage\":\"ca\",\"potentialAction\":[{\"@type\":\"ReadAction\",\"target\":[\"https:\\\/\\\/www.dexeuscampus.com\\\/ca\\\/mir\\\/\"]}]},{\"@type\":\"ImageObject\",\"inLanguage\":\"ca\",\"@id\":\"https:\\\/\\\/www.dexeuscampus.com\\\/ca\\\/mir\\\/#primaryimage\",\"url\":\"https:\\\/\\\/www.dexeuscampus.com\\\/wp-content\\\/uploads\\\/2021\\\/03\\\/mir1.png\",\"contentUrl\":\"https:\\\/\\\/www.dexeuscampus.com\\\/wp-content\\\/uploads\\\/2021\\\/03\\\/mir1.png\",\"width\":740,\"height\":226},{\"@type\":\"BreadcrumbList\",\"@id\":\"https:\\\/\\\/www.dexeuscampus.com\\\/ca\\\/mir\\\/#breadcrumb\",\"itemListElement\":[{\"@type\":\"ListItem\",\"position\":1,\"name\":\"Portada\",\"item\":\"https:\\\/\\\/www.dexeuscampus.com\\\/ca\\\/inici\\\/\"},{\"@type\":\"ListItem\",\"position\":2,\"name\":\"MIR\"}]},{\"@type\":\"WebSite\",\"@id\":\"https:\\\/\\\/www.dexeuscampus.com\\\/ca\\\/#website\",\"url\":\"https:\\\/\\\/www.dexeuscampus.com\\\/ca\\\/\",\"name\":\"Dexeus Campus\",\"description\":\"Plataforma online dirigida a los profesionales especializados en obstetricia, ginecolog\u00eda y reproducci\u00f3n\",\"publisher\":{\"@id\":\"https:\\\/\\\/www.dexeuscampus.com\\\/ca\\\/#organization\"},\"potentialAction\":[{\"@type\":\"SearchAction\",\"target\":{\"@type\":\"EntryPoint\",\"urlTemplate\":\"https:\\\/\\\/www.dexeuscampus.com\\\/ca\\\/?s={search_term_string}\"},\"query-input\":{\"@type\":\"PropertyValueSpecification\",\"valueRequired\":true,\"valueName\":\"search_term_string\"}}],\"inLanguage\":\"ca\"},{\"@type\":\"Organization\",\"@id\":\"https:\\\/\\\/www.dexeuscampus.com\\\/ca\\\/#organization\",\"name\":\"DEXEUS CAMPUS. FUNDACI\u00d3 DEXEUS DONA\",\"url\":\"https:\\\/\\\/www.dexeuscampus.com\\\/ca\\\/\",\"logo\":{\"@type\":\"ImageObject\",\"inLanguage\":\"ca\",\"@id\":\"https:\\\/\\\/www.dexeuscampus.com\\\/ca\\\/#\\\/schema\\\/logo\\\/image\\\/\",\"url\":\"https:\\\/\\\/www.dexeuscampus.com\\\/wp-content\\\/uploads\\\/2021\\\/03\\\/Logo-Campus-Dexeus.png\",\"contentUrl\":\"https:\\\/\\\/www.dexeuscampus.com\\\/wp-content\\\/uploads\\\/2021\\\/03\\\/Logo-Campus-Dexeus.png\",\"width\":2068,\"height\":1773,\"caption\":\"DEXEUS CAMPUS. FUNDACI\u00d3 DEXEUS DONA\"},\"image\":{\"@id\":\"https:\\\/\\\/www.dexeuscampus.com\\\/ca\\\/#\\\/schema\\\/logo\\\/image\\\/\"},\"sameAs\":[\"https:\\\/\\\/www.facebook.com\\\/CampusDexeus\",\"https:\\\/\\\/x.com\\\/DexeusCampus\",\"https:\\\/\\\/www.youtube.com\\\/user\\\/DexeusCampus\",\"https:\\\/\\\/vimeo.com\\\/dexeuscampus\",\"https:\\\/\\\/www.linkedin.com\\\/company\\\/dexeusmujer\"]}]}<\/script>\n<!-- \/ Yoast SEO plugin. -->","yoast_head_json":{"title":"MIR - Dexeus Campus","description":"Unitat Docent de l'Hospital Universitari Dexeus reconeguda des de l'any 1976 pel Programa Nacional de Metge Intern Resident (MIR)","robots":{"index":"index","follow":"follow","max-snippet":"max-snippet:-1","max-image-preview":"max-image-preview:large","max-video-preview":"max-video-preview:-1"},"canonical":"https:\/\/www.dexeuscampus.com\/ca\/mir\/","og_locale":"ca_ES","og_type":"article","og_title":"MIR - Dexeus Campus","og_description":"Unitat Docent de l'Hospital Universitari Dexeus reconeguda des de l'any 1976 pel Programa Nacional de Metge Intern Resident (MIR)","og_url":"https:\/\/www.dexeuscampus.com\/ca\/mir\/","og_site_name":"Dexeus Campus","article_publisher":"https:\/\/www.facebook.com\/CampusDexeus","article_modified_time":"2026-03-27T07:55:51+00:00","og_image":[{"width":740,"height":226,"url":"https:\/\/www.dexeuscampus.com\/wp-content\/uploads\/2021\/03\/mir1.png","type":"image\/png"}],"twitter_card":"summary_large_image","twitter_site":"@DexeusCampus","twitter_misc":{"Temps estimat de lectura":"7 minuts"},"schema":{"@context":"https:\/\/schema.org","@graph":[{"@type":"WebPage","@id":"https:\/\/www.dexeuscampus.com\/ca\/mir\/","url":"https:\/\/www.dexeuscampus.com\/ca\/mir\/","name":"MIR - Dexeus Campus","isPartOf":{"@id":"https:\/\/www.dexeuscampus.com\/ca\/#website"},"primaryImageOfPage":{"@id":"https:\/\/www.dexeuscampus.com\/ca\/mir\/#primaryimage"},"image":{"@id":"https:\/\/www.dexeuscampus.com\/ca\/mir\/#primaryimage"},"thumbnailUrl":"https:\/\/www.dexeuscampus.com\/wp-content\/uploads\/2021\/03\/mir1.png","datePublished":"2021-11-16T14:41:46+00:00","dateModified":"2026-03-27T07:55:51+00:00","description":"Unitat Docent de l'Hospital Universitari Dexeus reconeguda des de l'any 1976 pel Programa Nacional de Metge Intern Resident (MIR)","breadcrumb":{"@id":"https:\/\/www.dexeuscampus.com\/ca\/mir\/#breadcrumb"},"inLanguage":"ca","potentialAction":[{"@type":"ReadAction","target":["https:\/\/www.dexeuscampus.com\/ca\/mir\/"]}]},{"@type":"ImageObject","inLanguage":"ca","@id":"https:\/\/www.dexeuscampus.com\/ca\/mir\/#primaryimage","url":"https:\/\/www.dexeuscampus.com\/wp-content\/uploads\/2021\/03\/mir1.png","contentUrl":"https:\/\/www.dexeuscampus.com\/wp-content\/uploads\/2021\/03\/mir1.png","width":740,"height":226},{"@type":"BreadcrumbList","@id":"https:\/\/www.dexeuscampus.com\/ca\/mir\/#breadcrumb","itemListElement":[{"@type":"ListItem","position":1,"name":"Portada","item":"https:\/\/www.dexeuscampus.com\/ca\/inici\/"},{"@type":"ListItem","position":2,"name":"MIR"}]},{"@type":"WebSite","@id":"https:\/\/www.dexeuscampus.com\/ca\/#website","url":"https:\/\/www.dexeuscampus.com\/ca\/","name":"Dexeus Campus","description":"Plataforma online dirigida a los profesionales especializados en obstetricia, ginecolog\u00eda y reproducci\u00f3n","publisher":{"@id":"https:\/\/www.dexeuscampus.com\/ca\/#organization"},"potentialAction":[{"@type":"SearchAction","target":{"@type":"EntryPoint","urlTemplate":"https:\/\/www.dexeuscampus.com\/ca\/?s={search_term_string}"},"query-input":{"@type":"PropertyValueSpecification","valueRequired":true,"valueName":"search_term_string"}}],"inLanguage":"ca"},{"@type":"Organization","@id":"https:\/\/www.dexeuscampus.com\/ca\/#organization","name":"DEXEUS CAMPUS. FUNDACI\u00d3 DEXEUS DONA","url":"https:\/\/www.dexeuscampus.com\/ca\/","logo":{"@type":"ImageObject","inLanguage":"ca","@id":"https:\/\/www.dexeuscampus.com\/ca\/#\/schema\/logo\/image\/","url":"https:\/\/www.dexeuscampus.com\/wp-content\/uploads\/2021\/03\/Logo-Campus-Dexeus.png","contentUrl":"https:\/\/www.dexeuscampus.com\/wp-content\/uploads\/2021\/03\/Logo-Campus-Dexeus.png","width":2068,"height":1773,"caption":"DEXEUS CAMPUS. FUNDACI\u00d3 DEXEUS DONA"},"image":{"@id":"https:\/\/www.dexeuscampus.com\/ca\/#\/schema\/logo\/image\/"},"sameAs":["https:\/\/www.facebook.com\/CampusDexeus","https:\/\/x.com\/DexeusCampus","https:\/\/www.youtube.com\/user\/DexeusCampus","https:\/\/vimeo.com\/dexeuscampus","https:\/\/www.linkedin.com\/company\/dexeusmujer"]}]}},"_links":{"self":[{"href":"https:\/\/www.dexeuscampus.com\/ca\/wp-json\/wp\/v2\/pages\/9785","targetHints":{"allow":["GET"]}}],"collection":[{"href":"https:\/\/www.dexeuscampus.com\/ca\/wp-json\/wp\/v2\/pages"}],"about":[{"href":"https:\/\/www.dexeuscampus.com\/ca\/wp-json\/wp\/v2\/types\/page"}],"author":[{"embeddable":true,"href":"https:\/\/www.dexeuscampus.com\/ca\/wp-json\/wp\/v2\/users\/1"}],"replies":[{"embeddable":true,"href":"https:\/\/www.dexeuscampus.com\/ca\/wp-json\/wp\/v2\/comments?post=9785"}],"version-history":[{"count":30,"href":"https:\/\/www.dexeuscampus.com\/ca\/wp-json\/wp\/v2\/pages\/9785\/revisions"}],"predecessor-version":[{"id":38068,"href":"https:\/\/www.dexeuscampus.com\/ca\/wp-json\/wp\/v2\/pages\/9785\/revisions\/38068"}],"wp:featuredmedia":[{"embeddable":true,"href":"https:\/\/www.dexeuscampus.com\/ca\/wp-json\/wp\/v2\/media\/321"}],"wp:attachment":[{"href":"https:\/\/www.dexeuscampus.com\/ca\/wp-json\/wp\/v2\/media?parent=9785"}],"curies":[{"name":"wp","href":"https:\/\/api.w.org\/{rel}","templated":true}]}}