{"id":9847,"date":"2021-11-17T08:57:43","date_gmt":"2021-11-17T06:57:43","guid":{"rendered":"https:\/\/www.dexeuscampus.com\/politica-de-privacitat\/"},"modified":"2023-02-23T14:26:40","modified_gmt":"2023-02-23T13:26:40","slug":"politica-de-privacitat","status":"publish","type":"page","link":"https:\/\/www.dexeuscampus.com\/ca\/politica-de-privacitat\/","title":{"rendered":"Pol\u00edtica de privacitat"},"content":{"rendered":"\t\t<div data-elementor-type=\"wp-page\" data-elementor-id=\"9847\" class=\"elementor elementor-9847 elementor-3\" data-elementor-post-type=\"page\">\n\t\t\t\t\t\t<section class=\"elementor-section elementor-top-section elementor-element elementor-element-880cc28 elementor-section-boxed elementor-section-height-default elementor-section-height-default\" data-id=\"880cc28\" data-element_type=\"section\" data-e-type=\"section\">\n\t\t\t\t\t\t<div class=\"elementor-container elementor-column-gap-default\">\n\t\t\t\t\t<div class=\"elementor-column elementor-col-100 elementor-top-column elementor-element elementor-element-6b0fbcd\" data-id=\"6b0fbcd\" data-element_type=\"column\" data-e-type=\"column\">\n\t\t\t<div class=\"elementor-widget-wrap elementor-element-populated\">\n\t\t\t\t\t\t<div class=\"elementor-element elementor-element-2e6f80f elementor-widget elementor-widget-global elementor-global-15972 elementor-widget-shortcode\" data-id=\"2e6f80f\" data-element_type=\"widget\" data-e-type=\"widget\" data-widget_type=\"shortcode.default\">\n\t\t\t\t<div class=\"elementor-widget-container\">\n\t\t\t\t\t<a href=\"https:\/\/www.dexeuscampus.com\/ca\/\" rel=\"nofollow\">Inici<\/a>&nbsp;&nbsp;&#187;&nbsp;&nbsp;Pol\u00edtica de privacitat\t\t<div class=\"elementor-shortcode\"><\/div>\n\t\t\t\t\t\t<\/div>\n\t\t\t\t<\/div>\n\t\t\t\t\t<\/div>\n\t\t<\/div>\n\t\t\t\t\t<\/div>\n\t\t<\/section>\n\t\t\t\t<section class=\"elementor-section elementor-top-section elementor-element elementor-element-4d72e2b5 elementor-section-boxed elementor-section-height-default elementor-section-height-default\" data-id=\"4d72e2b5\" data-element_type=\"section\" data-e-type=\"section\">\n\t\t\t\t\t\t<div class=\"elementor-container elementor-column-gap-default\">\n\t\t\t\t\t<div class=\"elementor-column elementor-col-100 elementor-top-column elementor-element elementor-element-35c3c38d\" data-id=\"35c3c38d\" data-element_type=\"column\" data-e-type=\"column\">\n\t\t\t<div class=\"elementor-widget-wrap elementor-element-populated\">\n\t\t\t\t\t\t<div class=\"elementor-element elementor-element-073bba4 elementor-widget elementor-widget-heading\" data-id=\"073bba4\" data-element_type=\"widget\" data-e-type=\"widget\" data-widget_type=\"heading.default\">\n\t\t\t\t<div class=\"elementor-widget-container\">\n\t\t\t\t\t<h2 class=\"elementor-heading-title elementor-size-default\">Pol\u00edtica de privacitat<\/h2>\t\t\t\t<\/div>\n\t\t\t\t<\/div>\n\t\t\t\t<div class=\"elementor-element elementor-element-2c0324ad elementor-widget elementor-widget-text-editor\" data-id=\"2c0324ad\" data-element_type=\"widget\" data-e-type=\"widget\" data-widget_type=\"text-editor.default\">\n\t\t\t\t<div class=\"elementor-widget-container\">\n\t\t\t\t\t\t\t\t\t<p>El Responsable del Tractament, la <strong>Fundaci\u00f3 Dexeus Dona<\/strong>, amb nom fiscal Fundaci\u00f3n Santiago Dexeus Font, amb domicili a la Gran Via Carles III 71-75 08028 Barcelona i NIF G60898194, en compliment del Reglament (UE) 2016\/679 del Parlament Europeu i del Consell, de 27 d&#8217;abril de 2016, referent a la protecci\u00f3 de les persones f\u00edsiques pel que fa al tractament i lliure circulaci\u00f3 de dades personals, d\u2019ara endavant RGPD, l&#8217;informa que les seves dades es tractaran amb l\u2019objectiu de proporcionar-li informaci\u00f3 relativa a cursos, congressos, assist\u00e8ncies formatives i activitats cient\u00edfiques o docents de l&#8217;Entitat, i tamb\u00e9 per a enviar-li butlletins, publicacions o altres comunicacions de l&#8217;Entitat relatives a la seva activitat que li puguin interessar. Aquesta informaci\u00f3 ser\u00e0 utilitzada pels serveis administratius i serveis directament vinculats a les prestacions descrites per part de l&#8217;Entitat<\/p>\n<p>La base jur\u00eddica per al tractament de les dades \u00e9s el consentiment de la persona. Les dades proporcionades seran conservades mentre no es revoqui el consentiment.<\/p>\n<p>Tamb\u00e9 se l&#8217;informa del tractament de dades de videovigil\u00e0ncia per a garantir la seguretat de les persones, b\u00e9ns i instal\u00b7lacions. Les seves dades seran tractades en compliment d&#8217;una missi\u00f3 d&#8217;inter\u00e8s p\u00fablic. Les dades es conservaran durant el termini d&#8217;1 mes, excepte en els casos en qu\u00e8 siguin requerides per les Forces i Cossos de Seguretat o per jutjats o tribunals. Aix\u00ed mateix, l&#8217;informem que no es preveuen transfer\u00e8ncies internacionals.<\/p>\n<p>Pot exercir els drets d&#8217;acc\u00e9s, rectificaci\u00f3, supressi\u00f3, limitaci\u00f3 del tractament, portabilitat i oposici\u00f3 de les seves dades d&#8217;acord amb el que es disposa en la normativa en mat\u00e8ria de protecci\u00f3 de dades. Per a exercir-los, haur\u00e0 de dirigir-se per escrit al Delegat de Protecci\u00f3 de Dades en el correu electr\u00f2nic <a href=\"mailto:dpd@dexeus.com\">dpd@dexeus.com<\/a>. En qualsevol dels casos, haur\u00e0 d\u2019adjuntar una fotoc\u00f2pia del seu document nacional d&#8217;identitat o equivalent.<\/p>\n<p>Aix\u00ed mateix, l&#8217;informem del seu dret, en cas que no estigui d&#8217;acord amb el tractament fet per la nostra Entitat, o que consideri vulnerats els seus drets, a presentar una reclamaci\u00f3 a l\u2019Ag\u00e8ncia Espanyola de Protecci\u00f3 de dades (Agencia Espa\u00f1ola de Protecci\u00f3n de datos).<\/p>\n\t\t\t\t\t\t\t\t<\/div>\n\t\t\t\t<\/div>\n\t\t\t\t\t<\/div>\n\t\t<\/div>\n\t\t\t\t\t<\/div>\n\t\t<\/section>\n\t\t\t\t<\/div>\n\t\t","protected":false},"excerpt":{"rendered":"<p>El Responsable del Tractament, la Fundaci\u00f3 Dexeus Dona, amb nom fiscal Fundaci\u00f3n Santiago Dexeus Font, amb domicili a la Gran Via Carles III 71-75 08028 Barcelona i NIF G60898194, en compliment del Reglament (UE) 2016\/679 del Parlament Europeu i del Consell, de 27 d&#8217;abril de 2016, referent a la protecci\u00f3 de les persones f\u00edsiques pel [&hellip;]<\/p>\n","protected":false},"author":1,"featured_media":0,"parent":0,"menu_order":0,"comment_status":"closed","ping_status":"closed","template":"elementor_header_footer","meta":{"footnotes":""},"class_list":["post-9847","page","type-page","status-publish","hentry"],"yoast_head":"<!-- This site is optimized with the Yoast SEO plugin v27.4 - https:\/\/yoast.com\/product\/yoast-seo-wordpress\/ -->\n<title>Pol\u00edtica de privacitat - Dexeus Campus<\/title>\n<meta name=\"description\" content=\"El Responsable del Tractament, la Fundaci\u00f3 Dexeus Dona, amb nom fiscal Fundaci\u00f3n Santiago Dexeus Font, amb domicili a la Gran Via Carles III 71-75 08028\" \/>\n<meta name=\"robots\" content=\"noindex, nofollow\" \/>\n<meta property=\"og:locale\" content=\"ca_ES\" \/>\n<meta property=\"og:type\" content=\"article\" \/>\n<meta property=\"og:title\" content=\"Pol\u00edtica de privacitat - Dexeus Campus\" \/>\n<meta property=\"og:description\" content=\"El Responsable del Tractament, la Fundaci\u00f3 Dexeus Dona, amb nom fiscal Fundaci\u00f3n Santiago Dexeus Font, amb domicili a la Gran Via Carles III 71-75 08028\" \/>\n<meta property=\"og:url\" content=\"https:\/\/www.dexeuscampus.com\/ca\/politica-de-privacitat\/\" \/>\n<meta property=\"og:site_name\" content=\"Dexeus Campus\" \/>\n<meta property=\"article:publisher\" content=\"https:\/\/www.facebook.com\/CampusDexeus\" \/>\n<meta property=\"article:modified_time\" content=\"2023-02-23T13:26:40+00:00\" \/>\n<meta name=\"twitter:card\" content=\"summary_large_image\" \/>\n<meta name=\"twitter:site\" content=\"@DexeusCampus\" \/>\n<meta name=\"twitter:label1\" content=\"Temps estimat de lectura\" \/>\n\t<meta name=\"twitter:data1\" content=\"2 minuts\" \/>\n<script type=\"application\/ld+json\" class=\"yoast-schema-graph\">{\"@context\":\"https:\\\/\\\/schema.org\",\"@graph\":[{\"@type\":\"WebPage\",\"@id\":\"https:\\\/\\\/www.dexeuscampus.com\\\/ca\\\/politica-de-privacitat\\\/\",\"url\":\"https:\\\/\\\/www.dexeuscampus.com\\\/ca\\\/politica-de-privacitat\\\/\",\"name\":\"Pol\u00edtica de privacitat - Dexeus Campus\",\"isPartOf\":{\"@id\":\"https:\\\/\\\/www.dexeuscampus.com\\\/ca\\\/#website\"},\"datePublished\":\"2021-11-17T06:57:43+00:00\",\"dateModified\":\"2023-02-23T13:26:40+00:00\",\"description\":\"El Responsable del Tractament, la Fundaci\u00f3 Dexeus Dona, amb nom fiscal Fundaci\u00f3n Santiago Dexeus Font, amb domicili a la Gran Via Carles III 71-75 08028\",\"breadcrumb\":{\"@id\":\"https:\\\/\\\/www.dexeuscampus.com\\\/ca\\\/politica-de-privacitat\\\/#breadcrumb\"},\"inLanguage\":\"ca\",\"potentialAction\":[{\"@type\":\"ReadAction\",\"target\":[\"https:\\\/\\\/www.dexeuscampus.com\\\/ca\\\/politica-de-privacitat\\\/\"]}]},{\"@type\":\"BreadcrumbList\",\"@id\":\"https:\\\/\\\/www.dexeuscampus.com\\\/ca\\\/politica-de-privacitat\\\/#breadcrumb\",\"itemListElement\":[{\"@type\":\"ListItem\",\"position\":1,\"name\":\"Portada\",\"item\":\"https:\\\/\\\/www.dexeuscampus.com\\\/ca\\\/inici\\\/\"},{\"@type\":\"ListItem\",\"position\":2,\"name\":\"Pol\u00edtica de privacitat\"}]},{\"@type\":\"WebSite\",\"@id\":\"https:\\\/\\\/www.dexeuscampus.com\\\/ca\\\/#website\",\"url\":\"https:\\\/\\\/www.dexeuscampus.com\\\/ca\\\/\",\"name\":\"Dexeus Campus\",\"description\":\"Plataforma online dirigida a los profesionales especializados en obstetricia, ginecolog\u00eda y reproducci\u00f3n\",\"publisher\":{\"@id\":\"https:\\\/\\\/www.dexeuscampus.com\\\/ca\\\/#organization\"},\"potentialAction\":[{\"@type\":\"SearchAction\",\"target\":{\"@type\":\"EntryPoint\",\"urlTemplate\":\"https:\\\/\\\/www.dexeuscampus.com\\\/ca\\\/?s={search_term_string}\"},\"query-input\":{\"@type\":\"PropertyValueSpecification\",\"valueRequired\":true,\"valueName\":\"search_term_string\"}}],\"inLanguage\":\"ca\"},{\"@type\":\"Organization\",\"@id\":\"https:\\\/\\\/www.dexeuscampus.com\\\/ca\\\/#organization\",\"name\":\"DEXEUS CAMPUS. FUNDACI\u00d3 DEXEUS DONA\",\"url\":\"https:\\\/\\\/www.dexeuscampus.com\\\/ca\\\/\",\"logo\":{\"@type\":\"ImageObject\",\"inLanguage\":\"ca\",\"@id\":\"https:\\\/\\\/www.dexeuscampus.com\\\/ca\\\/#\\\/schema\\\/logo\\\/image\\\/\",\"url\":\"https:\\\/\\\/www.dexeuscampus.com\\\/wp-content\\\/uploads\\\/2021\\\/03\\\/Logo-Campus-Dexeus.png\",\"contentUrl\":\"https:\\\/\\\/www.dexeuscampus.com\\\/wp-content\\\/uploads\\\/2021\\\/03\\\/Logo-Campus-Dexeus.png\",\"width\":2068,\"height\":1773,\"caption\":\"DEXEUS CAMPUS. FUNDACI\u00d3 DEXEUS DONA\"},\"image\":{\"@id\":\"https:\\\/\\\/www.dexeuscampus.com\\\/ca\\\/#\\\/schema\\\/logo\\\/image\\\/\"},\"sameAs\":[\"https:\\\/\\\/www.facebook.com\\\/CampusDexeus\",\"https:\\\/\\\/x.com\\\/DexeusCampus\",\"https:\\\/\\\/www.youtube.com\\\/user\\\/DexeusCampus\",\"https:\\\/\\\/vimeo.com\\\/dexeuscampus\",\"https:\\\/\\\/www.linkedin.com\\\/company\\\/dexeusmujer\"]}]}<\/script>\n<!-- \/ Yoast SEO plugin. -->","yoast_head_json":{"title":"Pol\u00edtica de privacitat - Dexeus Campus","description":"El Responsable del Tractament, la Fundaci\u00f3 Dexeus Dona, amb nom fiscal Fundaci\u00f3n Santiago Dexeus Font, amb domicili a la Gran Via Carles III 71-75 08028","robots":{"index":"noindex","follow":"nofollow"},"og_locale":"ca_ES","og_type":"article","og_title":"Pol\u00edtica de privacitat - Dexeus Campus","og_description":"El Responsable del Tractament, la Fundaci\u00f3 Dexeus Dona, amb nom fiscal Fundaci\u00f3n Santiago Dexeus Font, amb domicili a la Gran Via Carles III 71-75 08028","og_url":"https:\/\/www.dexeuscampus.com\/ca\/politica-de-privacitat\/","og_site_name":"Dexeus Campus","article_publisher":"https:\/\/www.facebook.com\/CampusDexeus","article_modified_time":"2023-02-23T13:26:40+00:00","twitter_card":"summary_large_image","twitter_site":"@DexeusCampus","twitter_misc":{"Temps estimat de lectura":"2 minuts"},"schema":{"@context":"https:\/\/schema.org","@graph":[{"@type":"WebPage","@id":"https:\/\/www.dexeuscampus.com\/ca\/politica-de-privacitat\/","url":"https:\/\/www.dexeuscampus.com\/ca\/politica-de-privacitat\/","name":"Pol\u00edtica de privacitat - Dexeus Campus","isPartOf":{"@id":"https:\/\/www.dexeuscampus.com\/ca\/#website"},"datePublished":"2021-11-17T06:57:43+00:00","dateModified":"2023-02-23T13:26:40+00:00","description":"El Responsable del Tractament, la Fundaci\u00f3 Dexeus Dona, amb nom fiscal Fundaci\u00f3n Santiago Dexeus Font, amb domicili a la Gran Via Carles III 71-75 08028","breadcrumb":{"@id":"https:\/\/www.dexeuscampus.com\/ca\/politica-de-privacitat\/#breadcrumb"},"inLanguage":"ca","potentialAction":[{"@type":"ReadAction","target":["https:\/\/www.dexeuscampus.com\/ca\/politica-de-privacitat\/"]}]},{"@type":"BreadcrumbList","@id":"https:\/\/www.dexeuscampus.com\/ca\/politica-de-privacitat\/#breadcrumb","itemListElement":[{"@type":"ListItem","position":1,"name":"Portada","item":"https:\/\/www.dexeuscampus.com\/ca\/inici\/"},{"@type":"ListItem","position":2,"name":"Pol\u00edtica de privacitat"}]},{"@type":"WebSite","@id":"https:\/\/www.dexeuscampus.com\/ca\/#website","url":"https:\/\/www.dexeuscampus.com\/ca\/","name":"Dexeus Campus","description":"Plataforma online dirigida a los profesionales especializados en obstetricia, ginecolog\u00eda y reproducci\u00f3n","publisher":{"@id":"https:\/\/www.dexeuscampus.com\/ca\/#organization"},"potentialAction":[{"@type":"SearchAction","target":{"@type":"EntryPoint","urlTemplate":"https:\/\/www.dexeuscampus.com\/ca\/?s={search_term_string}"},"query-input":{"@type":"PropertyValueSpecification","valueRequired":true,"valueName":"search_term_string"}}],"inLanguage":"ca"},{"@type":"Organization","@id":"https:\/\/www.dexeuscampus.com\/ca\/#organization","name":"DEXEUS CAMPUS. FUNDACI\u00d3 DEXEUS DONA","url":"https:\/\/www.dexeuscampus.com\/ca\/","logo":{"@type":"ImageObject","inLanguage":"ca","@id":"https:\/\/www.dexeuscampus.com\/ca\/#\/schema\/logo\/image\/","url":"https:\/\/www.dexeuscampus.com\/wp-content\/uploads\/2021\/03\/Logo-Campus-Dexeus.png","contentUrl":"https:\/\/www.dexeuscampus.com\/wp-content\/uploads\/2021\/03\/Logo-Campus-Dexeus.png","width":2068,"height":1773,"caption":"DEXEUS CAMPUS. FUNDACI\u00d3 DEXEUS DONA"},"image":{"@id":"https:\/\/www.dexeuscampus.com\/ca\/#\/schema\/logo\/image\/"},"sameAs":["https:\/\/www.facebook.com\/CampusDexeus","https:\/\/x.com\/DexeusCampus","https:\/\/www.youtube.com\/user\/DexeusCampus","https:\/\/vimeo.com\/dexeuscampus","https:\/\/www.linkedin.com\/company\/dexeusmujer"]}]}},"_links":{"self":[{"href":"https:\/\/www.dexeuscampus.com\/ca\/wp-json\/wp\/v2\/pages\/9847","targetHints":{"allow":["GET"]}}],"collection":[{"href":"https:\/\/www.dexeuscampus.com\/ca\/wp-json\/wp\/v2\/pages"}],"about":[{"href":"https:\/\/www.dexeuscampus.com\/ca\/wp-json\/wp\/v2\/types\/page"}],"author":[{"embeddable":true,"href":"https:\/\/www.dexeuscampus.com\/ca\/wp-json\/wp\/v2\/users\/1"}],"replies":[{"embeddable":true,"href":"https:\/\/www.dexeuscampus.com\/ca\/wp-json\/wp\/v2\/comments?post=9847"}],"version-history":[{"count":0,"href":"https:\/\/www.dexeuscampus.com\/ca\/wp-json\/wp\/v2\/pages\/9847\/revisions"}],"wp:attachment":[{"href":"https:\/\/www.dexeuscampus.com\/ca\/wp-json\/wp\/v2\/media?parent=9847"}],"curies":[{"name":"wp","href":"https:\/\/api.w.org\/{rel}","templated":true}]}}