{"id":32754,"date":"2024-09-10T16:07:08","date_gmt":"2024-09-12T10:25:01","guid":{"rendered":"https:\/\/www.dexeuscampus.com\/curso\/jornada-destudi-del-factor-masculi-una-visio-interdisciplinaria\/"},"modified":"2024-11-19T18:05:14","modified_gmt":"2024-11-19T17:05:14","slug":"jornada-estudi-factor-masculi","status":"publish","type":"product","link":"https:\/\/www.dexeuscampus.com\/ca\/activitats\/jornada-estudi-factor-masculi\/","title":{"rendered":"Jornada d&#8217;Estudi del Factor Mascul\u00ed: Una visi\u00f3 interdisciplin\u00e0ria"},"content":{"rendered":"","protected":false},"excerpt":{"rendered":"","protected":false},"featured_media":32529,"comment_status":"closed","ping_status":"closed","template":"","meta":[],"product_brand":[],"product_cat":[423],"product_tag":[],"modalidad":[430],"area":[174],"idioma":[166],"estado-del-curso":[444],"class_list":{"0":"post-32754","1":"product","2":"type-product","3":"status-publish","4":"has-post-thumbnail","6":"product_cat-esdeveniment","7":"modalidad-jornada-ca","8":"area-medicina-de-la-reproduccio","9":"idioma-espanyol","10":"estado-del-curso-historico","12":"first","13":"outofstock","14":"shipping-taxable","15":"purchasable","16":"product-type-variable"},"yoast_head":"<!-- This site is optimized with the Yoast SEO plugin v27.5 - https:\/\/yoast.com\/product\/yoast-seo-wordpress\/ -->\n<title>Jornada d&#039;Estudi del Factor Mascul\u00ed: Una visi\u00f3 interdisciplin\u00e0ria - Dexeus Campus<\/title>\n<meta name=\"description\" content=\"T&#039;oferim un espai per a l&#039;intercanvi d&#039;idees i la reflexi\u00f3 cr\u00edtica que contribueixi a millorar l&#039;abordatge del factor mascul\u00ed en infertilitat.\" \/>\n<meta name=\"robots\" content=\"index, follow, max-snippet:-1, max-image-preview:large, max-video-preview:-1\" \/>\n<link rel=\"canonical\" href=\"https:\/\/www.dexeuscampus.com\/ca\/activitats\/jornada-estudi-factor-masculi\/\" \/>\n<meta property=\"og:locale\" content=\"ca_ES\" \/>\n<meta property=\"og:type\" content=\"article\" \/>\n<meta property=\"og:title\" content=\"Jornada d&#039;Estudi del Factor Mascul\u00ed: Una visi\u00f3 interdisciplin\u00e0ria - Dexeus Campus\" \/>\n<meta property=\"og:description\" content=\"T&#039;oferim un espai per a l&#039;intercanvi d&#039;idees i la reflexi\u00f3 cr\u00edtica que contribueixi a millorar l&#039;abordatge del factor mascul\u00ed en infertilitat.\" \/>\n<meta property=\"og:url\" content=\"https:\/\/www.dexeuscampus.com\/ca\/activitats\/jornada-estudi-factor-masculi\/\" \/>\n<meta property=\"og:site_name\" content=\"Dexeus Campus\" \/>\n<meta property=\"article:publisher\" content=\"https:\/\/www.facebook.com\/CampusDexeus\" \/>\n<meta property=\"article:modified_time\" content=\"2024-11-19T17:05:14+00:00\" \/>\n<meta property=\"og:image\" content=\"https:\/\/www.dexeuscampus.com\/wp-content\/uploads\/2024\/08\/ficha-jornada-estudio-factor-masculino.jpg\" \/>\n\t<meta property=\"og:image:width\" content=\"600\" \/>\n\t<meta property=\"og:image:height\" content=\"600\" \/>\n\t<meta property=\"og:image:type\" content=\"image\/jpeg\" \/>\n<meta name=\"twitter:card\" content=\"summary_large_image\" \/>\n<meta name=\"twitter:site\" content=\"@DexeusCampus\" \/>\n<meta name=\"twitter:label1\" content=\"Temps estimat de lectura\" \/>\n\t<meta name=\"twitter:data1\" content=\"7 minuts\" \/>\n<script type=\"application\/ld+json\" class=\"yoast-schema-graph\">{\"@context\":\"https:\\\/\\\/schema.org\",\"@graph\":[{\"@type\":\"WebPage\",\"@id\":\"https:\\\/\\\/www.dexeuscampus.com\\\/ca\\\/activitats\\\/jornada-estudi-factor-masculi\\\/\",\"url\":\"https:\\\/\\\/www.dexeuscampus.com\\\/ca\\\/activitats\\\/jornada-estudi-factor-masculi\\\/\",\"name\":\"Jornada d'Estudi del Factor Mascul\u00ed: Una visi\u00f3 interdisciplin\u00e0ria - Dexeus Campus\",\"isPartOf\":{\"@id\":\"https:\\\/\\\/www.dexeuscampus.com\\\/ca\\\/#website\"},\"primaryImageOfPage\":{\"@id\":\"https:\\\/\\\/www.dexeuscampus.com\\\/ca\\\/activitats\\\/jornada-estudi-factor-masculi\\\/#primaryimage\"},\"image\":{\"@id\":\"https:\\\/\\\/www.dexeuscampus.com\\\/ca\\\/activitats\\\/jornada-estudi-factor-masculi\\\/#primaryimage\"},\"thumbnailUrl\":\"https:\\\/\\\/www.dexeuscampus.com\\\/wp-content\\\/uploads\\\/2024\\\/08\\\/ficha-jornada-estudio-factor-masculino.jpg\",\"datePublished\":\"2024-09-12T10:25:01+00:00\",\"dateModified\":\"2024-11-19T17:05:14+00:00\",\"description\":\"T'oferim un espai per a l'intercanvi d'idees i la reflexi\u00f3 cr\u00edtica que contribueixi a millorar l'abordatge del factor mascul\u00ed en infertilitat.\",\"breadcrumb\":{\"@id\":\"https:\\\/\\\/www.dexeuscampus.com\\\/ca\\\/activitats\\\/jornada-estudi-factor-masculi\\\/#breadcrumb\"},\"inLanguage\":\"ca\",\"potentialAction\":[{\"@type\":\"ReadAction\",\"target\":[\"https:\\\/\\\/www.dexeuscampus.com\\\/ca\\\/activitats\\\/jornada-estudi-factor-masculi\\\/\"]}]},{\"@type\":\"ImageObject\",\"inLanguage\":\"ca\",\"@id\":\"https:\\\/\\\/www.dexeuscampus.com\\\/ca\\\/activitats\\\/jornada-estudi-factor-masculi\\\/#primaryimage\",\"url\":\"https:\\\/\\\/www.dexeuscampus.com\\\/wp-content\\\/uploads\\\/2024\\\/08\\\/ficha-jornada-estudio-factor-masculino.jpg\",\"contentUrl\":\"https:\\\/\\\/www.dexeuscampus.com\\\/wp-content\\\/uploads\\\/2024\\\/08\\\/ficha-jornada-estudio-factor-masculino.jpg\",\"width\":600,\"height\":600,\"caption\":\"Jornada Estudio del Factor Masculino: Una visi\u00f3n multidisciplinar\"},{\"@type\":\"BreadcrumbList\",\"@id\":\"https:\\\/\\\/www.dexeuscampus.com\\\/ca\\\/activitats\\\/jornada-estudi-factor-masculi\\\/#breadcrumb\",\"itemListElement\":[{\"@type\":\"ListItem\",\"position\":1,\"name\":\"Portada\",\"item\":\"https:\\\/\\\/www.dexeuscampus.com\\\/ca\\\/inici\\\/\"},{\"@type\":\"ListItem\",\"position\":2,\"name\":\"Tienda\",\"item\":\"https:\\\/\\\/www.dexeuscampus.com\\\/ca\\\/tienda-2\\\/\"},{\"@type\":\"ListItem\",\"position\":3,\"name\":\"Jornada d&#8217;Estudi del Factor Mascul\u00ed: Una visi\u00f3 interdisciplin\u00e0ria\"}]},{\"@type\":\"WebSite\",\"@id\":\"https:\\\/\\\/www.dexeuscampus.com\\\/ca\\\/#website\",\"url\":\"https:\\\/\\\/www.dexeuscampus.com\\\/ca\\\/\",\"name\":\"Dexeus Campus\",\"description\":\"Plataforma online dirigida a los profesionales especializados en obstetricia, ginecolog\u00eda y reproducci\u00f3n\",\"publisher\":{\"@id\":\"https:\\\/\\\/www.dexeuscampus.com\\\/ca\\\/#organization\"},\"potentialAction\":[{\"@type\":\"SearchAction\",\"target\":{\"@type\":\"EntryPoint\",\"urlTemplate\":\"https:\\\/\\\/www.dexeuscampus.com\\\/ca\\\/?s={search_term_string}\"},\"query-input\":{\"@type\":\"PropertyValueSpecification\",\"valueRequired\":true,\"valueName\":\"search_term_string\"}}],\"inLanguage\":\"ca\"},{\"@type\":\"Organization\",\"@id\":\"https:\\\/\\\/www.dexeuscampus.com\\\/ca\\\/#organization\",\"name\":\"DEXEUS CAMPUS. FUNDACI\u00d3 DEXEUS DONA\",\"url\":\"https:\\\/\\\/www.dexeuscampus.com\\\/ca\\\/\",\"logo\":{\"@type\":\"ImageObject\",\"inLanguage\":\"ca\",\"@id\":\"https:\\\/\\\/www.dexeuscampus.com\\\/ca\\\/#\\\/schema\\\/logo\\\/image\\\/\",\"url\":\"https:\\\/\\\/www.dexeuscampus.com\\\/wp-content\\\/uploads\\\/2021\\\/03\\\/Logo-Campus-Dexeus.png\",\"contentUrl\":\"https:\\\/\\\/www.dexeuscampus.com\\\/wp-content\\\/uploads\\\/2021\\\/03\\\/Logo-Campus-Dexeus.png\",\"width\":2068,\"height\":1773,\"caption\":\"DEXEUS CAMPUS. FUNDACI\u00d3 DEXEUS DONA\"},\"image\":{\"@id\":\"https:\\\/\\\/www.dexeuscampus.com\\\/ca\\\/#\\\/schema\\\/logo\\\/image\\\/\"},\"sameAs\":[\"https:\\\/\\\/www.facebook.com\\\/CampusDexeus\",\"https:\\\/\\\/x.com\\\/DexeusCampus\",\"https:\\\/\\\/www.youtube.com\\\/user\\\/DexeusCampus\",\"https:\\\/\\\/vimeo.com\\\/dexeuscampus\",\"https:\\\/\\\/www.linkedin.com\\\/company\\\/dexeusmujer\"]}]}<\/script>\n<!-- \/ Yoast SEO plugin. -->","yoast_head_json":{"title":"Jornada d'Estudi del Factor Mascul\u00ed: Una visi\u00f3 interdisciplin\u00e0ria - Dexeus Campus","description":"T'oferim un espai per a l'intercanvi d'idees i la reflexi\u00f3 cr\u00edtica que contribueixi a millorar l'abordatge del factor mascul\u00ed en infertilitat.","robots":{"index":"index","follow":"follow","max-snippet":"max-snippet:-1","max-image-preview":"max-image-preview:large","max-video-preview":"max-video-preview:-1"},"canonical":"https:\/\/www.dexeuscampus.com\/ca\/activitats\/jornada-estudi-factor-masculi\/","og_locale":"ca_ES","og_type":"article","og_title":"Jornada d'Estudi del Factor Mascul\u00ed: Una visi\u00f3 interdisciplin\u00e0ria - Dexeus Campus","og_description":"T'oferim un espai per a l'intercanvi d'idees i la reflexi\u00f3 cr\u00edtica que contribueixi a millorar l'abordatge del factor mascul\u00ed en infertilitat.","og_url":"https:\/\/www.dexeuscampus.com\/ca\/activitats\/jornada-estudi-factor-masculi\/","og_site_name":"Dexeus Campus","article_publisher":"https:\/\/www.facebook.com\/CampusDexeus","article_modified_time":"2024-11-19T17:05:14+00:00","og_image":[{"width":600,"height":600,"url":"https:\/\/www.dexeuscampus.com\/wp-content\/uploads\/2024\/08\/ficha-jornada-estudio-factor-masculino.jpg","type":"image\/jpeg"}],"twitter_card":"summary_large_image","twitter_site":"@DexeusCampus","twitter_misc":{"Temps estimat de lectura":"7 minuts"},"schema":{"@context":"https:\/\/schema.org","@graph":[{"@type":"WebPage","@id":"https:\/\/www.dexeuscampus.com\/ca\/activitats\/jornada-estudi-factor-masculi\/","url":"https:\/\/www.dexeuscampus.com\/ca\/activitats\/jornada-estudi-factor-masculi\/","name":"Jornada d'Estudi del Factor Mascul\u00ed: Una visi\u00f3 interdisciplin\u00e0ria - Dexeus Campus","isPartOf":{"@id":"https:\/\/www.dexeuscampus.com\/ca\/#website"},"primaryImageOfPage":{"@id":"https:\/\/www.dexeuscampus.com\/ca\/activitats\/jornada-estudi-factor-masculi\/#primaryimage"},"image":{"@id":"https:\/\/www.dexeuscampus.com\/ca\/activitats\/jornada-estudi-factor-masculi\/#primaryimage"},"thumbnailUrl":"https:\/\/www.dexeuscampus.com\/wp-content\/uploads\/2024\/08\/ficha-jornada-estudio-factor-masculino.jpg","datePublished":"2024-09-12T10:25:01+00:00","dateModified":"2024-11-19T17:05:14+00:00","description":"T'oferim un espai per a l'intercanvi d'idees i la reflexi\u00f3 cr\u00edtica que contribueixi a millorar l'abordatge del factor mascul\u00ed en infertilitat.","breadcrumb":{"@id":"https:\/\/www.dexeuscampus.com\/ca\/activitats\/jornada-estudi-factor-masculi\/#breadcrumb"},"inLanguage":"ca","potentialAction":[{"@type":"ReadAction","target":["https:\/\/www.dexeuscampus.com\/ca\/activitats\/jornada-estudi-factor-masculi\/"]}]},{"@type":"ImageObject","inLanguage":"ca","@id":"https:\/\/www.dexeuscampus.com\/ca\/activitats\/jornada-estudi-factor-masculi\/#primaryimage","url":"https:\/\/www.dexeuscampus.com\/wp-content\/uploads\/2024\/08\/ficha-jornada-estudio-factor-masculino.jpg","contentUrl":"https:\/\/www.dexeuscampus.com\/wp-content\/uploads\/2024\/08\/ficha-jornada-estudio-factor-masculino.jpg","width":600,"height":600,"caption":"Jornada Estudio del Factor Masculino: Una visi\u00f3n multidisciplinar"},{"@type":"BreadcrumbList","@id":"https:\/\/www.dexeuscampus.com\/ca\/activitats\/jornada-estudi-factor-masculi\/#breadcrumb","itemListElement":[{"@type":"ListItem","position":1,"name":"Portada","item":"https:\/\/www.dexeuscampus.com\/ca\/inici\/"},{"@type":"ListItem","position":2,"name":"Tienda","item":"https:\/\/www.dexeuscampus.com\/ca\/tienda-2\/"},{"@type":"ListItem","position":3,"name":"Jornada d&#8217;Estudi del Factor Mascul\u00ed: Una visi\u00f3 interdisciplin\u00e0ria"}]},{"@type":"WebSite","@id":"https:\/\/www.dexeuscampus.com\/ca\/#website","url":"https:\/\/www.dexeuscampus.com\/ca\/","name":"Dexeus Campus","description":"Plataforma online dirigida a los profesionales especializados en obstetricia, ginecolog\u00eda y reproducci\u00f3n","publisher":{"@id":"https:\/\/www.dexeuscampus.com\/ca\/#organization"},"potentialAction":[{"@type":"SearchAction","target":{"@type":"EntryPoint","urlTemplate":"https:\/\/www.dexeuscampus.com\/ca\/?s={search_term_string}"},"query-input":{"@type":"PropertyValueSpecification","valueRequired":true,"valueName":"search_term_string"}}],"inLanguage":"ca"},{"@type":"Organization","@id":"https:\/\/www.dexeuscampus.com\/ca\/#organization","name":"DEXEUS CAMPUS. FUNDACI\u00d3 DEXEUS DONA","url":"https:\/\/www.dexeuscampus.com\/ca\/","logo":{"@type":"ImageObject","inLanguage":"ca","@id":"https:\/\/www.dexeuscampus.com\/ca\/#\/schema\/logo\/image\/","url":"https:\/\/www.dexeuscampus.com\/wp-content\/uploads\/2021\/03\/Logo-Campus-Dexeus.png","contentUrl":"https:\/\/www.dexeuscampus.com\/wp-content\/uploads\/2021\/03\/Logo-Campus-Dexeus.png","width":2068,"height":1773,"caption":"DEXEUS CAMPUS. FUNDACI\u00d3 DEXEUS DONA"},"image":{"@id":"https:\/\/www.dexeuscampus.com\/ca\/#\/schema\/logo\/image\/"},"sameAs":["https:\/\/www.facebook.com\/CampusDexeus","https:\/\/x.com\/DexeusCampus","https:\/\/www.youtube.com\/user\/DexeusCampus","https:\/\/vimeo.com\/dexeuscampus","https:\/\/www.linkedin.com\/company\/dexeusmujer"]}]}},"_links":{"self":[{"href":"https:\/\/www.dexeuscampus.com\/ca\/wp-json\/wp\/v2\/product\/32754","targetHints":{"allow":["GET"]}}],"collection":[{"href":"https:\/\/www.dexeuscampus.com\/ca\/wp-json\/wp\/v2\/product"}],"about":[{"href":"https:\/\/www.dexeuscampus.com\/ca\/wp-json\/wp\/v2\/types\/product"}],"replies":[{"embeddable":true,"href":"https:\/\/www.dexeuscampus.com\/ca\/wp-json\/wp\/v2\/comments?post=32754"}],"wp:featuredmedia":[{"embeddable":true,"href":"https:\/\/www.dexeuscampus.com\/ca\/wp-json\/wp\/v2\/media\/32529"}],"wp:attachment":[{"href":"https:\/\/www.dexeuscampus.com\/ca\/wp-json\/wp\/v2\/media?parent=32754"}],"wp:term":[{"taxonomy":"product_brand","embeddable":true,"href":"https:\/\/www.dexeuscampus.com\/ca\/wp-json\/wp\/v2\/product_brand?post=32754"},{"taxonomy":"product_cat","embeddable":true,"href":"https:\/\/www.dexeuscampus.com\/ca\/wp-json\/wp\/v2\/product_cat?post=32754"},{"taxonomy":"product_tag","embeddable":true,"href":"https:\/\/www.dexeuscampus.com\/ca\/wp-json\/wp\/v2\/product_tag?post=32754"},{"taxonomy":"modalidad","embeddable":true,"href":"https:\/\/www.dexeuscampus.com\/ca\/wp-json\/wp\/v2\/modalidad?post=32754"},{"taxonomy":"area","embeddable":true,"href":"https:\/\/www.dexeuscampus.com\/ca\/wp-json\/wp\/v2\/area?post=32754"},{"taxonomy":"idioma","embeddable":true,"href":"https:\/\/www.dexeuscampus.com\/ca\/wp-json\/wp\/v2\/idioma?post=32754"},{"taxonomy":"estado-del-curso","embeddable":true,"href":"https:\/\/www.dexeuscampus.com\/ca\/wp-json\/wp\/v2\/estado-del-curso?post=32754"}],"curies":[{"name":"wp","href":"https:\/\/api.w.org\/{rel}","templated":true}]}}